{"id":4457,"date":"2015-07-06T11:36:29","date_gmt":"2015-07-06T09:36:29","guid":{"rendered":"https:\/\/collegioimmacolata.it\/offerta-formativa-infanzia\/"},"modified":"2020-08-04T16:29:17","modified_gmt":"2020-08-04T14:29:17","slug":"offerta-formativa-infanzia","status":"publish","type":"page","link":"https:\/\/collegioimmacolata.it\/es\/scuola-dellinfanzia\/offerta-formativa-infanzia\/","title":{"rendered":"Oferta Formativa"},"content":{"rendered":"<p><img decoding=\"async\" loading=\"lazy\" width=\"653\" height=\"400\" class=\"alignnone size-full wp-image-815\" src=\"\/wp-content\/uploads\/2015\/07\/scuola_infazia_conegliano_offerta_formativa.jpg\" alt=\"scuola_infazia_conegliano_offerta_formativa\" srcset=\"https:\/\/collegioimmacolata.it\/wp-content\/uploads\/2015\/07\/scuola_infazia_conegliano_offerta_formativa.jpg 653w, https:\/\/collegioimmacolata.it\/wp-content\/uploads\/2015\/07\/scuola_infazia_conegliano_offerta_formativa-600x368.jpg 600w, https:\/\/collegioimmacolata.it\/wp-content\/uploads\/2015\/07\/scuola_infazia_conegliano_offerta_formativa-120x74.jpg 120w, https:\/\/collegioimmacolata.it\/wp-content\/uploads\/2015\/07\/scuola_infazia_conegliano_offerta_formativa-300x184.jpg 300w\" sizes=\"(max-width: 653px) 100vw, 653px\" \/><\/p>\n<p>La Escuela de Educaci\u00f3n Infantil tiene <strong>cuatro secciones amplias y luminosas<\/strong>, una sala de juegos y un jard\u00edn. Acoge a los <strong>ni\u00f1os y ni\u00f1as de 3 a 5 a\u00f1os<\/strong>. Las actividades se realizan de lunes a viernes de 8.00 a 16.00.<\/p>\n<p>Se ofrece el servicio de comedor y, a petici\u00f3n de la familia, se puede aprovechar el servicio \u00ab<strong>despu\u00e9s de la escuela<\/strong>\u00bb hasta las 18.00.<\/p>\n<h3>Nuestra propuesta para la jornada<\/h3>\n<p>Durante el d\u00eda se incluyen diversos tipos de actividades, por la ma\u00f1ana se alternan momentos de juego con momentos educativos m\u00e1s intensos con el grupo de clase o en las intersecciones que proporcionan experiencias educativas en peque\u00f1os grupos de ni\u00f1os de edad homog\u00e9nea o heterog\u00e9nea que pertenecen a diferentes secciones.<\/p>\n<p>Despu\u00e9s del <strong>almuerzo,<\/strong> hay una hora de juego libre y\/o estructurado en el patio, esta parte del d\u00eda es muy importante para la socializaci\u00f3n y es el pilar fundamental del sistema educativo de Don Bosco.<\/p>\n<p>Durante la <strong>tarde,<\/strong> para los ni\u00f1os mayores de 3 a\u00f1os, se organizan actividades en clase o talleres, mientras que para los ni\u00f1os m\u00e1s peque\u00f1os est\u00e1 previsto un descanso.<\/p>\n<p>La programaci\u00f3n educativo-did\u00e1ctica proyecta programas de formaci\u00f3n en l\u00ednea con los objetivos de la escuela y de las directrices del Ministerio. La escuela lleva a cabo regularmente momentos de verificaci\u00f3n y evaluaci\u00f3n de los programas con el fin de adaptar la acci\u00f3n did\u00e1ctica a las necesidades de crecimiento de los ni\u00f1os.<\/p>\n<p>40 horas por semana, de lunes a viernes de 8.00 a 16.00<\/p>\n<p>Est\u00e1 previsto el servicio de:<\/p>\n<p class=\"p1\"><span class=\"s1\">\u2022 Recepci\u00f3n \/ pre-escolar de 7.30 a 8.00<\/span><\/p>\n<p class=\"p1\"><span class=\"s1\">\u2022 Recepci\u00f3n \/ pre-escolar de 16. 00 a 18.00<\/span><\/p>\n<p class=\"p1\"><span class=\"s1\">\u2022 Servicio de comedor certificado <\/span><\/p>\n<p class=\"p1\"><span class=\"s1\">\u2022 Asesoramiento educativo y apoyo en los procesos de aprendizaje \u00a0 <\/span><\/p>\n<p class=\"p1\"><span class=\"s1\">(Centro de psicolog\u00eda escolar) <\/span><\/p>\n<p>Nuestra propuesta consiste en dos proyectos que se complementan entre s\u00ed.<\/p>\n<h3 class=\"p3\"><span class=\"s1\"><b>PROYECTO INTERNACIONAL<\/b><\/span><\/h3>\n<p class=\"p3\">Numerosos estudios demuestran que la ense\u00f1anza de las lenguas extranjeras desde una edad temprana facilita el aprendizaje de las mismas m\u00e1s que si comenzara a estudiarlas en la edad de la Escuela Primaria o Secundaria.<\/p>\n<p class=\"p3\">A partir de esta observaci\u00f3n, y mirando hacia el futuro cada vez m\u00e1s europeo e internacional, naci\u00f3 la idea del Proyecto Internacional para la Escuela de Educaci\u00f3n Infantil.<\/p>\n<p class=\"p3\"><strong>Un proyecto para el futuro<\/strong><\/p>\n<p class=\"p3\">Este proyecto acerca a los ni\u00f1os a un idioma distinto de su lengua materna, lo que significa crearles curiosidad y acompa\u00f1arlos en la exploraci\u00f3n del fen\u00f3meno ling\u00fc\u00edstico, ofrecerles una mano para darles seguridad y hacerles entender que hay muchos idiomas en el mundo que se pueden aprender para comunicar.<\/p>\n<p class=\"p3\"><strong>Para aquellos que desean m\u00e1s &#8230;<\/strong><\/p>\n<p class=\"p3\"><span class=\"s1\">\u2022 Recreo<br \/>\n<\/span><span class=\"s1\">\u2022 Cuentacuentos<br \/>\n<\/span><span class=\"s1\">\u2022 La hora del t\u00e9 en Ingl\u00e9s<\/span><\/p>\n<h3 class=\"p3\">PROYECTO EXPRESIVO-MUSICAL<\/h3>\n<p class=\"p3\">\u00a0La formaci\u00f3n de los habitus principales y el desarrollo de una serie de habilidades y competencias ven en los a\u00f1os de la Escuela de Educaci\u00f3n Infantil el per\u00edodo m\u00e1s oportuno.<\/p>\n<p class=\"p3\">La consecuci\u00f3n de estos objetivos a trav\u00e9s de diferentes lenguajes, utilizando la riqueza de la expresividad entendida en sus m\u00faltiples formas y de la m\u00fasica, lenguaje universal por excelencia, nos han llevado a crear el proyecto expresivo-musical.<\/p>\n<p class=\"p3\"><strong>Un proyecto para el futuro<\/strong><\/p>\n<p class=\"p3\">Este proyecto se realiza mediante la activaci\u00f3n de talleres que prev\u00e9n el uso de diferentes lenguajes orientados al desarrollo y fortalecimiento de las capacidades expresivas, creativas y musicales de los ni\u00f1os.<\/p>\n<p class=\"p3\">Dentro del proceso educativo, el inter\u00e9s por la m\u00fasica juega un papel importante, ya que constituye para el ni\u00f1o un modo de expresi\u00f3n estrechamente vinculado con el desarrollo motor, cognitivo, afectivo-emocional y social.<\/p>\n<p class=\"p3\"><strong>Para aquellos que desean m\u00e1s &#8230;<\/strong><\/p>\n<p class=\"p3\">Actividades de participaci\u00f3n para ni\u00f1os y familias, tales como:<\/p>\n<p class=\"p3\"><span class=\"s1\">\u2022 Participaci\u00f3n a espect\u00e1culos y conciertos en La Fenice de Venecia<br \/>\n<\/span><span class=\"s1\">\u2022 Participaci\u00f3n en el proyecto \u00abUna escuela de Guggenheim\u00bb<\/span><\/p>\n<table style=\"border-collapse: collapse; width: 100%; border: 0;\" border=\"0\">\n<tbody>\n<tr>\n<td style=\"width: 50%; text-align: right;\"><a href=\"https:\/\/collegioimmacolata.it\/wp-content\/uploads\/2018\/10\/POF_19-20_Infanzia.pdf\" target=\"_blank\" rel=\"noopener noreferrer\"><img decoding=\"async\" loading=\"lazy\" class=\"alignnone wp-image-3261 size-full\" src=\"https:\/\/collegioimmacolata.it\/wp-content\/uploads\/2019\/11\/pulsant_pof.png\" alt=\"Scarica il P.O.F. Piano dell'Offerta Formativa\" width=\"308\" height=\"92\" srcset=\"https:\/\/collegioimmacolata.it\/wp-content\/uploads\/2019\/11\/pulsant_pof.png 308w, https:\/\/collegioimmacolata.it\/wp-content\/uploads\/2019\/11\/pulsant_pof-120x36.png 120w, https:\/\/collegioimmacolata.it\/wp-content\/uploads\/2019\/11\/pulsant_pof-300x90.png 300w\" sizes=\"(max-width: 308px) 100vw, 308px\" \/><\/a><\/td>\n<td style=\"width: 50%;\"><a href=\"https:\/\/collegioimmacolata.it\/wp-content\/uploads\/2019\/11\/brochure_infanzia.pdf\" target=\"_blank\" rel=\"noopener noreferrer\"><img decoding=\"async\" loading=\"lazy\" class=\"alignnone wp-image-3262 size-full\" src=\"https:\/\/collegioimmacolata.it\/wp-content\/uploads\/2019\/11\/pulsante_brochure.png\" alt=\"Scarica la brochuer\" width=\"308\" height=\"92\" srcset=\"https:\/\/collegioimmacolata.it\/wp-content\/uploads\/2019\/11\/pulsante_brochure.png 308w, https:\/\/collegioimmacolata.it\/wp-content\/uploads\/2019\/11\/pulsante_brochure-120x36.png 120w, https:\/\/collegioimmacolata.it\/wp-content\/uploads\/2019\/11\/pulsante_brochure-300x90.png 300w\" sizes=\"(max-width: 308px) 100vw, 308px\" \/><\/a><\/td>\n<\/tr>\n<\/tbody>\n<\/table>\n","protected":false},"excerpt":{"rendered":"La Escuela de Educaci\u00f3n Infantil tiene cuatro secciones amplias y luminosas, una sala de juegos y un jard\u00edn&#8230;.","protected":false},"author":4,"featured_media":4458,"parent":4508,"menu_order":0,"comment_status":"closed","ping_status":"closed","template":"page-template_statico.php","meta":[],"yoast_head":"<!-- This site is optimized with the Yoast SEO plugin v20.12 - https:\/\/yoast.com\/wordpress\/plugins\/seo\/ -->\n<title>Oferta Formativa - Collegio Immacolata Conegliano<\/title>\n<meta name=\"robots\" content=\"index, follow, max-snippet:-1, max-image-preview:large, max-video-preview:-1\" \/>\n<link rel=\"canonical\" href=\"https:\/\/collegioimmacolata.it\/es\/scuola-dellinfanzia\/offerta-formativa-infanzia\/\" \/>\n<meta property=\"og:locale\" content=\"es_ES\" \/>\n<meta property=\"og:type\" content=\"article\" \/>\n<meta property=\"og:title\" content=\"Oferta Formativa - Collegio Immacolata Conegliano\" \/>\n<meta property=\"og:description\" content=\"La Escuela de Educaci\u00f3n Infantil tiene cuatro secciones amplias y luminosas, una sala de juegos y un jard\u00edn....\" \/>\n<meta property=\"og:url\" content=\"https:\/\/collegioimmacolata.it\/es\/scuola-dellinfanzia\/offerta-formativa-infanzia\/\" \/>\n<meta property=\"og:site_name\" content=\"Collegio Immacolata Conegliano\" \/>\n<meta property=\"article:publisher\" content=\"https:\/\/www.facebook.com\/CollegioImmacolata\/\" \/>\n<meta property=\"article:modified_time\" content=\"2020-08-04T14:29:17+00:00\" \/>\n<meta property=\"og:image\" content=\"https:\/\/collegioimmacolata.it\/wp-content\/uploads\/2015\/07\/fondo_scuola_infazia_conegliano.jpg\" \/>\n\t<meta property=\"og:image:width\" content=\"940\" \/>\n\t<meta property=\"og:image:height\" content=\"440\" \/>\n\t<meta property=\"og:image:type\" content=\"image\/jpeg\" \/>\n<meta name=\"twitter:card\" content=\"summary_large_image\" \/>\n<meta name=\"twitter:label1\" content=\"Tiempo de lectura\" \/>\n\t<meta name=\"twitter:data1\" content=\"3 minutos\" \/>\n<script type=\"application\/ld+json\" class=\"yoast-schema-graph\">{\"@context\":\"https:\/\/schema.org\",\"@graph\":[{\"@type\":\"WebPage\",\"@id\":\"https:\/\/collegioimmacolata.it\/es\/scuola-dellinfanzia\/offerta-formativa-infanzia\/\",\"url\":\"https:\/\/collegioimmacolata.it\/es\/scuola-dellinfanzia\/offerta-formativa-infanzia\/\",\"name\":\"Oferta Formativa - Collegio Immacolata Conegliano\",\"isPartOf\":{\"@id\":\"https:\/\/collegioimmacolata.it\/es\/#website\"},\"datePublished\":\"2015-07-06T09:36:29+00:00\",\"dateModified\":\"2020-08-04T14:29:17+00:00\",\"breadcrumb\":{\"@id\":\"https:\/\/collegioimmacolata.it\/es\/scuola-dellinfanzia\/offerta-formativa-infanzia\/#breadcrumb\"},\"inLanguage\":\"es\",\"potentialAction\":[{\"@type\":\"ReadAction\",\"target\":[\"https:\/\/collegioimmacolata.it\/es\/scuola-dellinfanzia\/offerta-formativa-infanzia\/\"]}]},{\"@type\":\"BreadcrumbList\",\"@id\":\"https:\/\/collegioimmacolata.it\/es\/scuola-dellinfanzia\/offerta-formativa-infanzia\/#breadcrumb\",\"itemListElement\":[{\"@type\":\"ListItem\",\"position\":1,\"name\":\"Home\",\"item\":\"https:\/\/collegioimmacolata.it\/es\/\"},{\"@type\":\"ListItem\",\"position\":2,\"name\":\"Escuela de Educaci\u00f3n Infantil\",\"item\":\"https:\/\/collegioimmacolata.it\/es\/scuola-dellinfanzia\/\"},{\"@type\":\"ListItem\",\"position\":3,\"name\":\"Oferta Formativa\"}]},{\"@type\":\"WebSite\",\"@id\":\"https:\/\/collegioimmacolata.it\/es\/#website\",\"url\":\"https:\/\/collegioimmacolata.it\/es\/\",\"name\":\"Collegio Immacolata Conegliano\",\"description\":\"Dal 1897 Scuola leader nell&#039;educazione di bambini e ragazzi, basata sulla pedagogia delle suore Salesiane offre percorsi innovativi e attenti alla persona\",\"publisher\":{\"@id\":\"https:\/\/collegioimmacolata.it\/es\/#organization\"},\"potentialAction\":[{\"@type\":\"SearchAction\",\"target\":{\"@type\":\"EntryPoint\",\"urlTemplate\":\"https:\/\/collegioimmacolata.it\/es\/?s={search_term_string}\"},\"query-input\":\"required name=search_term_string\"}],\"inLanguage\":\"es\"},{\"@type\":\"Organization\",\"@id\":\"https:\/\/collegioimmacolata.it\/es\/#organization\",\"name\":\"Collegio Immacolata Conegliano\",\"url\":\"https:\/\/collegioimmacolata.it\/es\/\",\"logo\":{\"@type\":\"ImageObject\",\"inLanguage\":\"es\",\"@id\":\"https:\/\/collegioimmacolata.it\/es\/#\/schema\/logo\/image\/\",\"url\":\"https:\/\/collegioimmacolata.it\/wp-content\/uploads\/2015\/08\/Favicon.jpg\",\"contentUrl\":\"https:\/\/collegioimmacolata.it\/wp-content\/uploads\/2015\/08\/Favicon.jpg\",\"width\":93,\"height\":93,\"caption\":\"Collegio Immacolata Conegliano\"},\"image\":{\"@id\":\"https:\/\/collegioimmacolata.it\/es\/#\/schema\/logo\/image\/\"},\"sameAs\":[\"https:\/\/www.facebook.com\/CollegioImmacolata\/\",\"https:\/\/www.youtube.com\/channel\/UCanScckbpzSY91ETQwAEmVw\"]}]}<\/script>\n<!-- \/ Yoast SEO plugin. -->","yoast_head_json":{"title":"Oferta Formativa - Collegio Immacolata Conegliano","robots":{"index":"index","follow":"follow","max-snippet":"max-snippet:-1","max-image-preview":"max-image-preview:large","max-video-preview":"max-video-preview:-1"},"canonical":"https:\/\/collegioimmacolata.it\/es\/scuola-dellinfanzia\/offerta-formativa-infanzia\/","og_locale":"es_ES","og_type":"article","og_title":"Oferta Formativa - Collegio Immacolata Conegliano","og_description":"La Escuela de Educaci\u00f3n Infantil tiene cuatro secciones amplias y luminosas, una sala de juegos y un jard\u00edn....","og_url":"https:\/\/collegioimmacolata.it\/es\/scuola-dellinfanzia\/offerta-formativa-infanzia\/","og_site_name":"Collegio Immacolata Conegliano","article_publisher":"https:\/\/www.facebook.com\/CollegioImmacolata\/","article_modified_time":"2020-08-04T14:29:17+00:00","og_image":[{"width":940,"height":440,"url":"https:\/\/collegioimmacolata.it\/wp-content\/uploads\/2015\/07\/fondo_scuola_infazia_conegliano.jpg","type":"image\/jpeg"}],"twitter_card":"summary_large_image","twitter_misc":{"Tiempo de lectura":"3 minutos"},"schema":{"@context":"https:\/\/schema.org","@graph":[{"@type":"WebPage","@id":"https:\/\/collegioimmacolata.it\/es\/scuola-dellinfanzia\/offerta-formativa-infanzia\/","url":"https:\/\/collegioimmacolata.it\/es\/scuola-dellinfanzia\/offerta-formativa-infanzia\/","name":"Oferta Formativa - Collegio Immacolata Conegliano","isPartOf":{"@id":"https:\/\/collegioimmacolata.it\/es\/#website"},"datePublished":"2015-07-06T09:36:29+00:00","dateModified":"2020-08-04T14:29:17+00:00","breadcrumb":{"@id":"https:\/\/collegioimmacolata.it\/es\/scuola-dellinfanzia\/offerta-formativa-infanzia\/#breadcrumb"},"inLanguage":"es","potentialAction":[{"@type":"ReadAction","target":["https:\/\/collegioimmacolata.it\/es\/scuola-dellinfanzia\/offerta-formativa-infanzia\/"]}]},{"@type":"BreadcrumbList","@id":"https:\/\/collegioimmacolata.it\/es\/scuola-dellinfanzia\/offerta-formativa-infanzia\/#breadcrumb","itemListElement":[{"@type":"ListItem","position":1,"name":"Home","item":"https:\/\/collegioimmacolata.it\/es\/"},{"@type":"ListItem","position":2,"name":"Escuela de Educaci\u00f3n Infantil","item":"https:\/\/collegioimmacolata.it\/es\/scuola-dellinfanzia\/"},{"@type":"ListItem","position":3,"name":"Oferta Formativa"}]},{"@type":"WebSite","@id":"https:\/\/collegioimmacolata.it\/es\/#website","url":"https:\/\/collegioimmacolata.it\/es\/","name":"Collegio Immacolata Conegliano","description":"Dal 1897 Scuola leader nell&#039;educazione di bambini e ragazzi, basata sulla pedagogia delle suore Salesiane offre percorsi innovativi e attenti alla persona","publisher":{"@id":"https:\/\/collegioimmacolata.it\/es\/#organization"},"potentialAction":[{"@type":"SearchAction","target":{"@type":"EntryPoint","urlTemplate":"https:\/\/collegioimmacolata.it\/es\/?s={search_term_string}"},"query-input":"required name=search_term_string"}],"inLanguage":"es"},{"@type":"Organization","@id":"https:\/\/collegioimmacolata.it\/es\/#organization","name":"Collegio Immacolata Conegliano","url":"https:\/\/collegioimmacolata.it\/es\/","logo":{"@type":"ImageObject","inLanguage":"es","@id":"https:\/\/collegioimmacolata.it\/es\/#\/schema\/logo\/image\/","url":"https:\/\/collegioimmacolata.it\/wp-content\/uploads\/2015\/08\/Favicon.jpg","contentUrl":"https:\/\/collegioimmacolata.it\/wp-content\/uploads\/2015\/08\/Favicon.jpg","width":93,"height":93,"caption":"Collegio Immacolata Conegliano"},"image":{"@id":"https:\/\/collegioimmacolata.it\/es\/#\/schema\/logo\/image\/"},"sameAs":["https:\/\/www.facebook.com\/CollegioImmacolata\/","https:\/\/www.youtube.com\/channel\/UCanScckbpzSY91ETQwAEmVw"]}]}},"_links":{"self":[{"href":"https:\/\/collegioimmacolata.it\/es\/wp-json\/wp\/v2\/pages\/4457"}],"collection":[{"href":"https:\/\/collegioimmacolata.it\/es\/wp-json\/wp\/v2\/pages"}],"about":[{"href":"https:\/\/collegioimmacolata.it\/es\/wp-json\/wp\/v2\/types\/page"}],"author":[{"embeddable":true,"href":"https:\/\/collegioimmacolata.it\/es\/wp-json\/wp\/v2\/users\/4"}],"replies":[{"embeddable":true,"href":"https:\/\/collegioimmacolata.it\/es\/wp-json\/wp\/v2\/comments?post=4457"}],"version-history":[{"count":8,"href":"https:\/\/collegioimmacolata.it\/es\/wp-json\/wp\/v2\/pages\/4457\/revisions"}],"predecessor-version":[{"id":4621,"href":"https:\/\/collegioimmacolata.it\/es\/wp-json\/wp\/v2\/pages\/4457\/revisions\/4621"}],"up":[{"embeddable":true,"href":"https:\/\/collegioimmacolata.it\/es\/wp-json\/wp\/v2\/pages\/4508"}],"wp:featuredmedia":[{"embeddable":true,"href":"https:\/\/collegioimmacolata.it\/es\/wp-json\/wp\/v2\/media\/4458"}],"wp:attachment":[{"href":"https:\/\/collegioimmacolata.it\/es\/wp-json\/wp\/v2\/media?parent=4457"}],"curies":[{"name":"wp","href":"https:\/\/api.w.org\/{rel}","templated":true}]}}