{"id":4466,"date":"2016-09-26T18:57:54","date_gmt":"2016-09-26T16:57:54","guid":{"rendered":"https:\/\/collegioimmacolata.it\/laboratorio-musicale\/"},"modified":"2020-08-04T17:34:18","modified_gmt":"2020-08-04T15:34:18","slug":"laboratorio-musicale","status":"publish","type":"page","link":"https:\/\/collegioimmacolata.it\/es\/scuola-dellinfanzia\/laboratorio-musicale\/","title":{"rendered":"Taller de Proped\u00e9utica Musical"},"content":{"rendered":"<p>El proyecto de proped\u00e9utica musical es un taller que promueve actividades sonoras y musicales con la finalidad de desarrollar la sensibilidad musical.<\/p>\n<p>La educaci\u00f3n musical ofrece al ni\u00f1o nuevas posibilidades expresivas y comunicativas. No s\u00f3lo estimula la percepci\u00f3n auditiva, sino que tambi\u00e9n les anima a expresar sentimientos y emociones. Aprender a disfrutar con el placer del propio sonido, la m\u00fasica, el ruido, el silencio, ayuda a tomar conciencia de una nueva dimensi\u00f3n.<\/p>\n<p>La capacidad de comunicarse con los sonidos y los ruidos, constituye para el ni\u00f1o un modo de expresi\u00f3n estrechamente vinculado al desarrollo motor, cognitivo, afectivo-emocional y social. Dentro del proceso educativo la atenci\u00f3n a la m\u00fasica asume, por lo tanto, un papel importante, ya que crea posibilidades para el enriquecimiento del lenguaje, desarrolla la creatividad y proporciona oportunidades para conocerse a s\u00ed mismo y al mundo.<\/p>\n<p><strong>Calendario<\/strong><\/p>\n<p>De octubre a mayo<br \/>\n1 hora por semana para los ni\u00f1os de 4 a\u00f1os<br \/>\n1 hora por semana para los ni\u00f1os de 5 a\u00f1os (divididos en dos grupos)<\/p>\n<p><strong>Metodolog\u00eda<\/strong><\/p>\n<p>Para mejorar la calidad de atenci\u00f3n de los ni\u00f1os, recurrimos alternativamente a m\u00e1s experiencias auditivas, observaci\u00f3n, narrativa, formulaci\u00f3n de hip\u00f3tesis, movimiento m\u00edmico-gestual, teatro, ilustraci\u00f3n e interpretaci\u00f3n gr\u00e1fica, canto, baile &#8230;<\/p>\n<p>Nuestro objetivo es variar las actividades para obtener diferentes reacciones de los ni\u00f1os, que responder\u00e1n personalmente a varios tipos de est\u00edmulos, de acuerdo con su personalidad, sus actitudes y sus propias experiencias.<\/p>\n<p>Ejercicios de respiraci\u00f3n a trav\u00e9s de rimas infantiles, poemas, canciones bailes f\u00e1ciles de recordar.<\/p>\n<p>Se ense\u00f1ar\u00e1 la importancia de la correcta pronunciaci\u00f3n del texto de canciones infantiles y \u00a0cantos recitados en coro mediante la repetici\u00f3n. Gradualmente se a\u00f1adir\u00e1 la pulsaci\u00f3n y el ritmo (con aplausos o instrumentos Orff), reproduciendo secuencias r\u00edtmicas simples, juegos con el ritmo de las palabras, con instrumentos (por ejemplo, instrumentos de madera, tambores, maracas,) con el cuerpo a trav\u00e9s de la percusi\u00f3n corporal. Por \u00faltimo, cantar\u00e1n canciones simples basadas \u200b\u200ben unas pocas notas, pero prestando atenci\u00f3n a la correcta entonaci\u00f3n.<\/p>\n<p>Se escuchar\u00e1n piezas de m\u00fasica del repertorio cl\u00e1sico, ofreciendo a los ni\u00f1os la oportunidad de acercarse a m\u00fasica art\u00edsticamente interesante y hermosa.<\/p>\n<p><strong>Objetivos educativos y competencias<\/strong><\/p>\n<ul>\n<li>Habilidades pr\u00e1ctico-musicales a trav\u00e9s de la percepci\u00f3n del PULSO, del RITMO y de la MELOD\u00cdA;<\/li>\n<li>Sentido de grupo e importancia del individuo, dentro del mismo grupo, para la obtenci\u00f3n de un buen resultado ritmo musical;<\/li>\n<li>Capacidad de escuchar (ritmo y sonido), destinada a la obtenci\u00f3n de un buen resultado musical;<\/li>\n<li>Coordinaci\u00f3n motora vinculada al pulso y el ritmo;<\/li>\n<li>Cantar piezas simples sobre una peque\u00f1a extensi\u00f3n mel\u00f3dica;<\/li>\n<li>Distinguir los diferentes sonidos dentro de una pieza y asociar los timbres con sus instrumentos;<\/li>\n<li>Describir un sonido (o una pieza musical) de acuerdo con los par\u00e1metros musicales;<\/li>\n<li>Desarrollo de una imagen positiva de s\u00ed mismo;<\/li>\n<li>Desarrollo de la autoestima, en relaci\u00f3n con el \u00e9xito de la actividad.<\/li>\n<\/ul>\n<p><strong>Actividades e instrumentos para 4 a\u00f1os<\/strong><\/p>\n<p>El tema fundamental del proyecto es la educaci\u00f3n auditiva. Los ni\u00f1os, de hecho, tienen que aprender a escuchar para luego, repetir y producir de forma independiente.<\/p>\n<p>En cada clase dedicamos unos veinte minutos a la educaci\u00f3n del o\u00eddo: en este espacio se pretende que los ni\u00f1os presten m\u00e1xima atenci\u00f3n porque tienen que imitar al maestro e inventar siguiendo unas reglas.<\/p>\n<p>Introducimos la graf\u00eda del sonido pancrom\u00e1tico que representa al sonido que se eleva, baja y permanece fijo: es el primer paso hacia la verdadera alfabetizaci\u00f3n musical.<\/p>\n<p>Se aborda, poco a poco, un repertorio de canciones, con matices ag\u00f3gicos (r\u00e1pido-lento) y las din\u00e1micas del sonido (piano-forte).<\/p>\n<p>Se descubre el ritmo, elemento presente en el hombre desde su nacimiento, a trav\u00e9s de los movimientos del cuerpo (por ejemplo aplaudiendo o caminando).<\/p>\n<p>Se presentan algunas obras maestras de los compositores del pasado (Beethoven y Grieg) para contextualizar mejor la m\u00fasica cl\u00e1sica.<\/p>\n<p>Los materiales did\u00e1cticos utilizados son la flauta de \u00e9mbolo (para el sonido pancrom\u00e1tico), los tubos sonoros (para el sonido diat\u00f3nico y la introducci\u00f3n al acorde), el silbato, las sirenas (para emparejar diferentes timbres), el platillo (para el sonido largo y corto), los palos, el woodblok, el martillo sonoro (para el ritmo), el tri\u00e1ngulo, las campanas, c\u00edmbalos (para el acompa\u00f1amiento de canciones).<\/p>\n<p><strong>Actividades e instrumentos para 5 a\u00f1os<\/strong><\/p>\n<p>A esta edad la comprensi\u00f3n de la melod\u00eda est\u00e1 definida y es m\u00e1s f\u00e1cil de cantar.<\/p>\n<p>Es por eso que el proyecto de educaci\u00f3n musical pretende fomentar la exploraci\u00f3n sonora y la capacidad de la escucha exploratoria. En el primer caso el ni\u00f1o examina con atenci\u00f3n un instrumento o la voz; en el segundo caso tiene que ser capaz de entender las caracter\u00edsticas con mayor conciencia para poder reproducirla.<\/p>\n<p>El alumno debe adquirir la capacidad de clasificar y agrupar en base a caracter\u00edsticas espec\u00edficas, reproducir melod\u00edas y ritmos sencillos con la voz e interpretar con el cuerpo la emoci\u00f3n creada por la m\u00fasica.<\/p>\n<p>La educaci\u00f3n auditiva es fundamental para crear una mayor conciencia musical.<\/p>\n<p>La graf\u00eda del sonido pancrom\u00e1tico se une a la graf\u00eda del ritmo y del movimiento natural del cuerpo. Las canciones se acompa\u00f1an de instrumentos con tiempo-ritmo-divisi\u00f3n-medida.<\/p>\n<p>Se presentan algunas de las obras maestras de los compositores del pasado (Beethoven y Grieg) para contextualizar mejor la m\u00fasica cl\u00e1sica.<\/p>\n<p>Los materiales did\u00e1cticos utilizados son la flauta de \u00e9mbolo (para el sonido pancrom\u00e1tico), los tubos sonoros (para el sonido diat\u00f3nico y la introducci\u00f3n al acorde), el silbato, las sirenas (para emparejar diferentes timbres), el platillo (para el sonido largo y corto), los palos, el woodblok, el martillo sonoro (para el ritmo), el tri\u00e1ngulo, las campanas, los c\u00edmbalos (para el acompa\u00f1amiento de canciones).<\/p>\n","protected":false},"excerpt":{"rendered":"El proyecto de proped\u00e9utica musical es un taller que promueve actividades sonoras y musicales con la finalidad de&#8230;","protected":false},"author":2,"featured_media":0,"parent":4508,"menu_order":1,"comment_status":"closed","ping_status":"closed","template":"page-template_statico.php","meta":[],"yoast_head":"<!-- This site is optimized with the Yoast SEO plugin v20.12 - https:\/\/yoast.com\/wordpress\/plugins\/seo\/ -->\n<title>Taller de Proped\u00e9utica Musical - Collegio Immacolata Conegliano<\/title>\n<meta name=\"robots\" content=\"index, follow, max-snippet:-1, max-image-preview:large, max-video-preview:-1\" \/>\n<link rel=\"canonical\" href=\"https:\/\/collegioimmacolata.it\/es\/scuola-dellinfanzia\/laboratorio-musicale\/\" \/>\n<meta property=\"og:locale\" content=\"es_ES\" \/>\n<meta property=\"og:type\" content=\"article\" \/>\n<meta property=\"og:title\" content=\"Taller de Proped\u00e9utica Musical - Collegio Immacolata Conegliano\" \/>\n<meta property=\"og:description\" content=\"El proyecto de proped\u00e9utica musical es un taller que promueve actividades sonoras y musicales con la finalidad de...\" \/>\n<meta property=\"og:url\" content=\"https:\/\/collegioimmacolata.it\/es\/scuola-dellinfanzia\/laboratorio-musicale\/\" \/>\n<meta property=\"og:site_name\" content=\"Collegio Immacolata Conegliano\" \/>\n<meta property=\"article:publisher\" content=\"https:\/\/www.facebook.com\/CollegioImmacolata\/\" \/>\n<meta property=\"article:modified_time\" content=\"2020-08-04T15:34:18+00:00\" \/>\n<meta name=\"twitter:card\" content=\"summary_large_image\" \/>\n<meta name=\"twitter:label1\" content=\"Tiempo de lectura\" \/>\n\t<meta name=\"twitter:data1\" content=\"5 minutos\" \/>\n<script type=\"application\/ld+json\" class=\"yoast-schema-graph\">{\"@context\":\"https:\/\/schema.org\",\"@graph\":[{\"@type\":\"WebPage\",\"@id\":\"https:\/\/collegioimmacolata.it\/es\/scuola-dellinfanzia\/laboratorio-musicale\/\",\"url\":\"https:\/\/collegioimmacolata.it\/es\/scuola-dellinfanzia\/laboratorio-musicale\/\",\"name\":\"Taller de Proped\u00e9utica Musical - Collegio Immacolata Conegliano\",\"isPartOf\":{\"@id\":\"https:\/\/collegioimmacolata.it\/es\/#website\"},\"datePublished\":\"2016-09-26T16:57:54+00:00\",\"dateModified\":\"2020-08-04T15:34:18+00:00\",\"breadcrumb\":{\"@id\":\"https:\/\/collegioimmacolata.it\/es\/scuola-dellinfanzia\/laboratorio-musicale\/#breadcrumb\"},\"inLanguage\":\"es\",\"potentialAction\":[{\"@type\":\"ReadAction\",\"target\":[\"https:\/\/collegioimmacolata.it\/es\/scuola-dellinfanzia\/laboratorio-musicale\/\"]}]},{\"@type\":\"BreadcrumbList\",\"@id\":\"https:\/\/collegioimmacolata.it\/es\/scuola-dellinfanzia\/laboratorio-musicale\/#breadcrumb\",\"itemListElement\":[{\"@type\":\"ListItem\",\"position\":1,\"name\":\"Home\",\"item\":\"https:\/\/collegioimmacolata.it\/es\/\"},{\"@type\":\"ListItem\",\"position\":2,\"name\":\"Escuela de Educaci\u00f3n Infantil\",\"item\":\"https:\/\/collegioimmacolata.it\/es\/scuola-dellinfanzia\/\"},{\"@type\":\"ListItem\",\"position\":3,\"name\":\"Taller de Proped\u00e9utica Musical\"}]},{\"@type\":\"WebSite\",\"@id\":\"https:\/\/collegioimmacolata.it\/es\/#website\",\"url\":\"https:\/\/collegioimmacolata.it\/es\/\",\"name\":\"Collegio Immacolata Conegliano\",\"description\":\"Dal 1897 Scuola leader nell&#039;educazione di bambini e ragazzi, basata sulla pedagogia delle suore Salesiane offre percorsi innovativi e attenti alla persona\",\"publisher\":{\"@id\":\"https:\/\/collegioimmacolata.it\/es\/#organization\"},\"potentialAction\":[{\"@type\":\"SearchAction\",\"target\":{\"@type\":\"EntryPoint\",\"urlTemplate\":\"https:\/\/collegioimmacolata.it\/es\/?s={search_term_string}\"},\"query-input\":\"required name=search_term_string\"}],\"inLanguage\":\"es\"},{\"@type\":\"Organization\",\"@id\":\"https:\/\/collegioimmacolata.it\/es\/#organization\",\"name\":\"Collegio Immacolata Conegliano\",\"url\":\"https:\/\/collegioimmacolata.it\/es\/\",\"logo\":{\"@type\":\"ImageObject\",\"inLanguage\":\"es\",\"@id\":\"https:\/\/collegioimmacolata.it\/es\/#\/schema\/logo\/image\/\",\"url\":\"https:\/\/collegioimmacolata.it\/wp-content\/uploads\/2015\/08\/Favicon.jpg\",\"contentUrl\":\"https:\/\/collegioimmacolata.it\/wp-content\/uploads\/2015\/08\/Favicon.jpg\",\"width\":93,\"height\":93,\"caption\":\"Collegio Immacolata Conegliano\"},\"image\":{\"@id\":\"https:\/\/collegioimmacolata.it\/es\/#\/schema\/logo\/image\/\"},\"sameAs\":[\"https:\/\/www.facebook.com\/CollegioImmacolata\/\",\"https:\/\/www.youtube.com\/channel\/UCanScckbpzSY91ETQwAEmVw\"]}]}<\/script>\n<!-- \/ Yoast SEO plugin. -->","yoast_head_json":{"title":"Taller de Proped\u00e9utica Musical - Collegio Immacolata Conegliano","robots":{"index":"index","follow":"follow","max-snippet":"max-snippet:-1","max-image-preview":"max-image-preview:large","max-video-preview":"max-video-preview:-1"},"canonical":"https:\/\/collegioimmacolata.it\/es\/scuola-dellinfanzia\/laboratorio-musicale\/","og_locale":"es_ES","og_type":"article","og_title":"Taller de Proped\u00e9utica Musical - Collegio Immacolata Conegliano","og_description":"El proyecto de proped\u00e9utica musical es un taller que promueve actividades sonoras y musicales con la finalidad de...","og_url":"https:\/\/collegioimmacolata.it\/es\/scuola-dellinfanzia\/laboratorio-musicale\/","og_site_name":"Collegio Immacolata Conegliano","article_publisher":"https:\/\/www.facebook.com\/CollegioImmacolata\/","article_modified_time":"2020-08-04T15:34:18+00:00","twitter_card":"summary_large_image","twitter_misc":{"Tiempo de lectura":"5 minutos"},"schema":{"@context":"https:\/\/schema.org","@graph":[{"@type":"WebPage","@id":"https:\/\/collegioimmacolata.it\/es\/scuola-dellinfanzia\/laboratorio-musicale\/","url":"https:\/\/collegioimmacolata.it\/es\/scuola-dellinfanzia\/laboratorio-musicale\/","name":"Taller de Proped\u00e9utica Musical - Collegio Immacolata Conegliano","isPartOf":{"@id":"https:\/\/collegioimmacolata.it\/es\/#website"},"datePublished":"2016-09-26T16:57:54+00:00","dateModified":"2020-08-04T15:34:18+00:00","breadcrumb":{"@id":"https:\/\/collegioimmacolata.it\/es\/scuola-dellinfanzia\/laboratorio-musicale\/#breadcrumb"},"inLanguage":"es","potentialAction":[{"@type":"ReadAction","target":["https:\/\/collegioimmacolata.it\/es\/scuola-dellinfanzia\/laboratorio-musicale\/"]}]},{"@type":"BreadcrumbList","@id":"https:\/\/collegioimmacolata.it\/es\/scuola-dellinfanzia\/laboratorio-musicale\/#breadcrumb","itemListElement":[{"@type":"ListItem","position":1,"name":"Home","item":"https:\/\/collegioimmacolata.it\/es\/"},{"@type":"ListItem","position":2,"name":"Escuela de Educaci\u00f3n Infantil","item":"https:\/\/collegioimmacolata.it\/es\/scuola-dellinfanzia\/"},{"@type":"ListItem","position":3,"name":"Taller de Proped\u00e9utica Musical"}]},{"@type":"WebSite","@id":"https:\/\/collegioimmacolata.it\/es\/#website","url":"https:\/\/collegioimmacolata.it\/es\/","name":"Collegio Immacolata Conegliano","description":"Dal 1897 Scuola leader nell&#039;educazione di bambini e ragazzi, basata sulla pedagogia delle suore Salesiane offre percorsi innovativi e attenti alla persona","publisher":{"@id":"https:\/\/collegioimmacolata.it\/es\/#organization"},"potentialAction":[{"@type":"SearchAction","target":{"@type":"EntryPoint","urlTemplate":"https:\/\/collegioimmacolata.it\/es\/?s={search_term_string}"},"query-input":"required name=search_term_string"}],"inLanguage":"es"},{"@type":"Organization","@id":"https:\/\/collegioimmacolata.it\/es\/#organization","name":"Collegio Immacolata Conegliano","url":"https:\/\/collegioimmacolata.it\/es\/","logo":{"@type":"ImageObject","inLanguage":"es","@id":"https:\/\/collegioimmacolata.it\/es\/#\/schema\/logo\/image\/","url":"https:\/\/collegioimmacolata.it\/wp-content\/uploads\/2015\/08\/Favicon.jpg","contentUrl":"https:\/\/collegioimmacolata.it\/wp-content\/uploads\/2015\/08\/Favicon.jpg","width":93,"height":93,"caption":"Collegio Immacolata Conegliano"},"image":{"@id":"https:\/\/collegioimmacolata.it\/es\/#\/schema\/logo\/image\/"},"sameAs":["https:\/\/www.facebook.com\/CollegioImmacolata\/","https:\/\/www.youtube.com\/channel\/UCanScckbpzSY91ETQwAEmVw"]}]}},"_links":{"self":[{"href":"https:\/\/collegioimmacolata.it\/es\/wp-json\/wp\/v2\/pages\/4466"}],"collection":[{"href":"https:\/\/collegioimmacolata.it\/es\/wp-json\/wp\/v2\/pages"}],"about":[{"href":"https:\/\/collegioimmacolata.it\/es\/wp-json\/wp\/v2\/types\/page"}],"author":[{"embeddable":true,"href":"https:\/\/collegioimmacolata.it\/es\/wp-json\/wp\/v2\/users\/2"}],"replies":[{"embeddable":true,"href":"https:\/\/collegioimmacolata.it\/es\/wp-json\/wp\/v2\/comments?post=4466"}],"version-history":[{"count":6,"href":"https:\/\/collegioimmacolata.it\/es\/wp-json\/wp\/v2\/pages\/4466\/revisions"}],"predecessor-version":[{"id":4655,"href":"https:\/\/collegioimmacolata.it\/es\/wp-json\/wp\/v2\/pages\/4466\/revisions\/4655"}],"up":[{"embeddable":true,"href":"https:\/\/collegioimmacolata.it\/es\/wp-json\/wp\/v2\/pages\/4508"}],"wp:attachment":[{"href":"https:\/\/collegioimmacolata.it\/es\/wp-json\/wp\/v2\/media?parent=4466"}],"curies":[{"name":"wp","href":"https:\/\/api.w.org\/{rel}","templated":true}]}}