{"id":4468,"date":"2016-09-27T11:32:15","date_gmt":"2016-09-27T09:32:15","guid":{"rendered":"https:\/\/collegioimmacolata.it\/laboratorio-educazione-motoria\/"},"modified":"2020-08-04T17:59:17","modified_gmt":"2020-08-04T15:59:17","slug":"laboratorio-educazione-motoria","status":"publish","type":"page","link":"https:\/\/collegioimmacolata.it\/es\/scuola-dellinfanzia\/laboratorio-educazione-motoria\/","title":{"rendered":"Taller de Educaci\u00f3n Motriz"},"content":{"rendered":"<p>El Taller de Motricidad acompa\u00f1a desde siempre el crecimiento de los ni\u00f1os. Anima al ni\u00f1o a actuar conscientemente con su cuerpo en relaci\u00f3n con las principales etapas evolutivas escolares, tales como el grafismo a trav\u00e9s de la utilizaci\u00f3n correcta de la mano, y la lectura con la correcta orientaci\u00f3n de la vista en relaci\u00f3n tambi\u00e9n con el espacio del aula, es una operaci\u00f3n que comienza en la Escuela de Educaci\u00f3n Infantil. No hay que olvidar la importancia de la actividad f\u00edsica en la adquisici\u00f3n de una socializaci\u00f3n escolar y de las primeras reglas sociales.<\/p>\n<p><strong>Calendario<\/strong><\/p>\n<p>De octubre a mayo<\/p>\n<p>\u00bd hora por semana para ni\u00f1os de 3 a\u00f1os (divididos en dos grupos)<\/p>\n<p>\u00be hora por semana para ni\u00f1os de 4 a\u00f1os<\/p>\n<p>1 hora por semana para los ni\u00f1os de 5 a\u00f1os (divididos en dos grupos)<\/p>\n<p><strong>Objetivos educativos y competencias<\/strong><\/p>\n<p><em><span style=\"text-decoration: underline;\">Objetivos generales<\/span><\/em><\/p>\n<p>&#8211; Contribuir a la madurez del ni\u00f1o (AUTOESTIMA Y AUTONOM\u00cdA)<\/p>\n<p>&#8211; Promover el valor del propio cuerpo (IDENTIDAD)<\/p>\n<p>&#8211; \u00abAlfabetizaci\u00f3n motora\u00bb: desarrollo de las funciones corporales responsables del control del movimiento<\/p>\n<p>&#8211; Desarrollo de la esfera comunicativa y expresiva<\/p>\n<p>&#8211; Conocer el propio cuerpo<\/p>\n<p>&#8211; Aprender los nombres de las partes del cuerpo<\/p>\n<p>&#8211; Adquirir simples esquemas de motricidad: saltar, deslizarse, rodar<\/p>\n<p>&#8211; Aprender a utilizar herramientas peque\u00f1as: los aros, los bloques, la alfombra<\/p>\n<p>&#8211; Escuchar, comprender e interpretar con cuidado lo que dice el maestro<\/p>\n<p>&#8211; Aprender a ocupar el espacio necesario<\/p>\n<p>&#8211; Aprender a interactuar con los compa\u00f1eros<\/p>\n<p>&#8211; Aprender a divertirse con el propio cuerpo<\/p>\n<p>&#8211; Aprender a moverse al ritmo de la m\u00fasica<\/p>\n<p><em><span style=\"text-decoration: underline;\">Objetivos educativos<\/span> \u00a0 <\/em><\/p>\n<p>Los esquemas corporales son el resultado de la elaboraci\u00f3n de las experiencias vividas que fundamentan la consciencia del cuerpo que cada uno tiene de s\u00ed mismo. Los esquemas motores para llevarse a cabo, dependen y proceden de los esquemas corporales previamente almacenados y que son: deslizarse, rodar, caminar, saltar, agarrar, lanzar, trepar, etc. Los esquemas corporales dependen de la informaci\u00f3n sensoperceptiva que el ni\u00f1o recibe del ambiente, mientras que los esquemas motores representan las respuestas esquem\u00e1ticas y motoras que el ni\u00f1o produce para influir activamente en el ambiente. En relaci\u00f3n con los argumentos expuestos podemos decir que:<\/p>\n<p>&#8211; Los esquemas corporales fundamentan la consciencia que el ni\u00f1o tiene de s\u00ed mismo;<\/p>\n<p>&#8211; Los esquemas motores dependen de los esquemas corporales , proporcionan al maestro valiosos datos sobre el conocimiento que el ni\u00f1o tiene de s\u00ed mismo;<\/p>\n<p>&#8211; Los esquemas corporales y motores s\u00f3lo pueden ser potenciados a trav\u00e9s de las experiencias vividas y no pueden estructurarse mediante la representaci\u00f3n gr\u00e1fica del mismo;<\/p>\n<p>&#8211; Los esquemas corporales y motores constantemente presentes en la vida del ni\u00f1o, ponen las bases para su adaptaci\u00f3n al ambiente.<\/p>\n<p>En cuanto a la educaci\u00f3n espacial los ni\u00f1os experimentan los datos de manera concreta; despu\u00e9s, a trav\u00e9s de asimilaciones, acomodaciones, los interiorizan de manera diferenciada seg\u00fan las diferentes fases de edad. En el primer a\u00f1o se tiene en consideraci\u00f3n las relaciones espaciales: interior\/exterior, abierto\/cerrado, grande\/ peque\u00f1o, cerca\/lejos; posteriormente se interiorizan m\u00e1s contrastes: alto\/bajo, arriba\/abajo, adelante\/atr\u00e1s, largo\/corto, grueso\/fino, verticalidad\/horizontalidad, igualdades y desigualdades espaciales, lateralizaci\u00f3n.<\/p>\n<p>La estructura del conocimiento espacio-temporal tiene sus ra\u00edces en las experiencias corp\u00f3reas y motoras, ya que es sobre esta base que se crean las interrelaciones espacio-tiempo entre la asimilaci\u00f3n individual esquem\u00e1tico-corporal y motora. De esta forma se interiorizan los conocimientos espacio-temporales de conceptos tales como: antes\/despu\u00e9s, salida\/llegada, juegos de sucesi\u00f3n r\u00edtmica, peque\u00f1os recorridos, etc.<\/p>\n<p>Entonces los principales objetivos educativos ser\u00e1n los siguientes:<\/p>\n<ul>\n<li>Desarrollo de capacidades sensoperceptivas y esquemas motores b\u00e1sicos: deslizarse, rodar, caminar, correr, saltar, trepar.<\/li>\n<li>Desarrollo de los principales esquemas posturales: posici\u00f3n vertical, sentada, dec\u00fabito, flexionar, extender, doblar, lanzar rotar, empujar, etc.<\/li>\n<li>Coordinar la propia acci\u00f3n manual con datos visibles.<\/li>\n<li>Adaptar la propia acci\u00f3n motora a los par\u00e1metros espaciales (distancia, trayectoria, orientaci\u00f3n) y a par\u00e1metros temporales (duraci\u00f3n, velocidad).<\/li>\n<li>Respetarse a s\u00ed mismos y a los dem\u00e1s, mediante la compartici\u00f3n y la colaboraci\u00f3n.<\/li>\n<\/ul>\n<p><em><span style=\"text-decoration: underline;\">A partir de las directrices nacionales para el programa de estudios de la Escuela de Educaci\u00f3n Infantil<\/span><\/em>:<\/p>\n<ul>\n<li>Adquirir una buena relaci\u00f3n con el propio cuerpo: percibir su potencial comunicativo y expresivo<\/li>\n<li>Adoptar buenos comportamientos que permitan una buena gesti\u00f3n del propio cuerpo en la escuela<\/li>\n<li>Reconocer las se\u00f1ales y los ritmos del propio cuerpo y las diferencias sexuales<\/li>\n<li>Adoptar pr\u00e1cticas correctas de auto-cuidado, higiene y alimentaci\u00f3n saludable<\/li>\n<li>Disfrutar del movimiento, experimentar esquemas posturales y motores y aplicarlos en los juegos individuales y de grupo<\/li>\n<li>Utilizar objetos peque\u00f1os, saber adaptar su uso a situaciones ambientales dentro de la escuela y fuera de ella<\/li>\n<li>Conocer el significado de sus gestos y evaluar el riesgo<\/li>\n<li>Interactuar con los dem\u00e1s en los juegos de movimiento, en la danza y en la comunicaci\u00f3n expresiva<\/li>\n<li>Reconocer su propio cuerpo y las diferentes partes<\/li>\n<li>Representar el cuerpo quieto y en movimiento<\/li>\n<\/ul>\n<p><strong>Metodolog\u00eda<\/strong><\/p>\n<p>Las actividades estar\u00e1n compuestas principalmente por el juego, ya que a trav\u00e9s del \u00abPLAY\u00bb el ni\u00f1o puede conocer y experimentar, dando rienda suelta a sus propias habilidades.<\/p>\n<p>Se usar\u00e1n diferentes formas de juego y reglas, tanto estructuradas como no; propondremos actividades de forma l\u00fadica, preocup\u00e1ndonos por despertar en los ni\u00f1os la participaci\u00f3n, el entusiasmo y comportamientos de b\u00fasqueda personal. Nuestro prop\u00f3sito es potenciar, a trav\u00e9s de las experiencias, el desarrollo cognitivo, la formaci\u00f3n del pensamiento, mejorar las capacidades intelectuales y de aprendizaje.<\/p>\n","protected":false},"excerpt":{"rendered":"El Taller de Motricidad acompa\u00f1a desde siempre el crecimiento de los ni\u00f1os. Anima al ni\u00f1o a actuar conscientemente&#8230;","protected":false},"author":2,"featured_media":0,"parent":4508,"menu_order":0,"comment_status":"closed","ping_status":"closed","template":"page-template_statico.php","meta":[],"yoast_head":"<!-- This site is optimized with the Yoast SEO plugin v20.12 - https:\/\/yoast.com\/wordpress\/plugins\/seo\/ -->\n<title>Taller de Educaci\u00f3n Motriz - Collegio Immacolata Conegliano<\/title>\n<meta name=\"robots\" content=\"index, follow, max-snippet:-1, max-image-preview:large, max-video-preview:-1\" \/>\n<link rel=\"canonical\" href=\"https:\/\/collegioimmacolata.it\/es\/scuola-dellinfanzia\/laboratorio-educazione-motoria\/\" \/>\n<meta property=\"og:locale\" content=\"es_ES\" \/>\n<meta property=\"og:type\" content=\"article\" \/>\n<meta property=\"og:title\" content=\"Taller de Educaci\u00f3n Motriz - Collegio Immacolata Conegliano\" \/>\n<meta property=\"og:description\" content=\"El Taller de Motricidad acompa\u00f1a desde siempre el crecimiento de los ni\u00f1os. Anima al ni\u00f1o a actuar conscientemente...\" \/>\n<meta property=\"og:url\" content=\"https:\/\/collegioimmacolata.it\/es\/scuola-dellinfanzia\/laboratorio-educazione-motoria\/\" \/>\n<meta property=\"og:site_name\" content=\"Collegio Immacolata Conegliano\" \/>\n<meta property=\"article:publisher\" content=\"https:\/\/www.facebook.com\/CollegioImmacolata\/\" \/>\n<meta property=\"article:modified_time\" content=\"2020-08-04T15:59:17+00:00\" \/>\n<meta name=\"twitter:card\" content=\"summary_large_image\" \/>\n<meta name=\"twitter:label1\" content=\"Tiempo de lectura\" \/>\n\t<meta name=\"twitter:data1\" content=\"5 minutos\" \/>\n<script type=\"application\/ld+json\" class=\"yoast-schema-graph\">{\"@context\":\"https:\/\/schema.org\",\"@graph\":[{\"@type\":\"WebPage\",\"@id\":\"https:\/\/collegioimmacolata.it\/es\/scuola-dellinfanzia\/laboratorio-educazione-motoria\/\",\"url\":\"https:\/\/collegioimmacolata.it\/es\/scuola-dellinfanzia\/laboratorio-educazione-motoria\/\",\"name\":\"Taller de Educaci\u00f3n Motriz - Collegio Immacolata Conegliano\",\"isPartOf\":{\"@id\":\"https:\/\/collegioimmacolata.it\/es\/#website\"},\"datePublished\":\"2016-09-27T09:32:15+00:00\",\"dateModified\":\"2020-08-04T15:59:17+00:00\",\"breadcrumb\":{\"@id\":\"https:\/\/collegioimmacolata.it\/es\/scuola-dellinfanzia\/laboratorio-educazione-motoria\/#breadcrumb\"},\"inLanguage\":\"es\",\"potentialAction\":[{\"@type\":\"ReadAction\",\"target\":[\"https:\/\/collegioimmacolata.it\/es\/scuola-dellinfanzia\/laboratorio-educazione-motoria\/\"]}]},{\"@type\":\"BreadcrumbList\",\"@id\":\"https:\/\/collegioimmacolata.it\/es\/scuola-dellinfanzia\/laboratorio-educazione-motoria\/#breadcrumb\",\"itemListElement\":[{\"@type\":\"ListItem\",\"position\":1,\"name\":\"Home\",\"item\":\"https:\/\/collegioimmacolata.it\/es\/\"},{\"@type\":\"ListItem\",\"position\":2,\"name\":\"Escuela de Educaci\u00f3n Infantil\",\"item\":\"https:\/\/collegioimmacolata.it\/es\/scuola-dellinfanzia\/\"},{\"@type\":\"ListItem\",\"position\":3,\"name\":\"Taller de Educaci\u00f3n Motriz\"}]},{\"@type\":\"WebSite\",\"@id\":\"https:\/\/collegioimmacolata.it\/es\/#website\",\"url\":\"https:\/\/collegioimmacolata.it\/es\/\",\"name\":\"Collegio Immacolata Conegliano\",\"description\":\"Dal 1897 Scuola leader nell&#039;educazione di bambini e ragazzi, basata sulla pedagogia delle suore Salesiane offre percorsi innovativi e attenti alla persona\",\"publisher\":{\"@id\":\"https:\/\/collegioimmacolata.it\/es\/#organization\"},\"potentialAction\":[{\"@type\":\"SearchAction\",\"target\":{\"@type\":\"EntryPoint\",\"urlTemplate\":\"https:\/\/collegioimmacolata.it\/es\/?s={search_term_string}\"},\"query-input\":\"required name=search_term_string\"}],\"inLanguage\":\"es\"},{\"@type\":\"Organization\",\"@id\":\"https:\/\/collegioimmacolata.it\/es\/#organization\",\"name\":\"Collegio Immacolata Conegliano\",\"url\":\"https:\/\/collegioimmacolata.it\/es\/\",\"logo\":{\"@type\":\"ImageObject\",\"inLanguage\":\"es\",\"@id\":\"https:\/\/collegioimmacolata.it\/es\/#\/schema\/logo\/image\/\",\"url\":\"https:\/\/collegioimmacolata.it\/wp-content\/uploads\/2015\/08\/Favicon.jpg\",\"contentUrl\":\"https:\/\/collegioimmacolata.it\/wp-content\/uploads\/2015\/08\/Favicon.jpg\",\"width\":93,\"height\":93,\"caption\":\"Collegio Immacolata Conegliano\"},\"image\":{\"@id\":\"https:\/\/collegioimmacolata.it\/es\/#\/schema\/logo\/image\/\"},\"sameAs\":[\"https:\/\/www.facebook.com\/CollegioImmacolata\/\",\"https:\/\/www.youtube.com\/channel\/UCanScckbpzSY91ETQwAEmVw\"]}]}<\/script>\n<!-- \/ Yoast SEO plugin. -->","yoast_head_json":{"title":"Taller de Educaci\u00f3n Motriz - Collegio Immacolata Conegliano","robots":{"index":"index","follow":"follow","max-snippet":"max-snippet:-1","max-image-preview":"max-image-preview:large","max-video-preview":"max-video-preview:-1"},"canonical":"https:\/\/collegioimmacolata.it\/es\/scuola-dellinfanzia\/laboratorio-educazione-motoria\/","og_locale":"es_ES","og_type":"article","og_title":"Taller de Educaci\u00f3n Motriz - Collegio Immacolata Conegliano","og_description":"El Taller de Motricidad acompa\u00f1a desde siempre el crecimiento de los ni\u00f1os. Anima al ni\u00f1o a actuar conscientemente...","og_url":"https:\/\/collegioimmacolata.it\/es\/scuola-dellinfanzia\/laboratorio-educazione-motoria\/","og_site_name":"Collegio Immacolata Conegliano","article_publisher":"https:\/\/www.facebook.com\/CollegioImmacolata\/","article_modified_time":"2020-08-04T15:59:17+00:00","twitter_card":"summary_large_image","twitter_misc":{"Tiempo de lectura":"5 minutos"},"schema":{"@context":"https:\/\/schema.org","@graph":[{"@type":"WebPage","@id":"https:\/\/collegioimmacolata.it\/es\/scuola-dellinfanzia\/laboratorio-educazione-motoria\/","url":"https:\/\/collegioimmacolata.it\/es\/scuola-dellinfanzia\/laboratorio-educazione-motoria\/","name":"Taller de Educaci\u00f3n Motriz - Collegio Immacolata Conegliano","isPartOf":{"@id":"https:\/\/collegioimmacolata.it\/es\/#website"},"datePublished":"2016-09-27T09:32:15+00:00","dateModified":"2020-08-04T15:59:17+00:00","breadcrumb":{"@id":"https:\/\/collegioimmacolata.it\/es\/scuola-dellinfanzia\/laboratorio-educazione-motoria\/#breadcrumb"},"inLanguage":"es","potentialAction":[{"@type":"ReadAction","target":["https:\/\/collegioimmacolata.it\/es\/scuola-dellinfanzia\/laboratorio-educazione-motoria\/"]}]},{"@type":"BreadcrumbList","@id":"https:\/\/collegioimmacolata.it\/es\/scuola-dellinfanzia\/laboratorio-educazione-motoria\/#breadcrumb","itemListElement":[{"@type":"ListItem","position":1,"name":"Home","item":"https:\/\/collegioimmacolata.it\/es\/"},{"@type":"ListItem","position":2,"name":"Escuela de Educaci\u00f3n Infantil","item":"https:\/\/collegioimmacolata.it\/es\/scuola-dellinfanzia\/"},{"@type":"ListItem","position":3,"name":"Taller de Educaci\u00f3n Motriz"}]},{"@type":"WebSite","@id":"https:\/\/collegioimmacolata.it\/es\/#website","url":"https:\/\/collegioimmacolata.it\/es\/","name":"Collegio Immacolata Conegliano","description":"Dal 1897 Scuola leader nell&#039;educazione di bambini e ragazzi, basata sulla pedagogia delle suore Salesiane offre percorsi innovativi e attenti alla persona","publisher":{"@id":"https:\/\/collegioimmacolata.it\/es\/#organization"},"potentialAction":[{"@type":"SearchAction","target":{"@type":"EntryPoint","urlTemplate":"https:\/\/collegioimmacolata.it\/es\/?s={search_term_string}"},"query-input":"required name=search_term_string"}],"inLanguage":"es"},{"@type":"Organization","@id":"https:\/\/collegioimmacolata.it\/es\/#organization","name":"Collegio Immacolata Conegliano","url":"https:\/\/collegioimmacolata.it\/es\/","logo":{"@type":"ImageObject","inLanguage":"es","@id":"https:\/\/collegioimmacolata.it\/es\/#\/schema\/logo\/image\/","url":"https:\/\/collegioimmacolata.it\/wp-content\/uploads\/2015\/08\/Favicon.jpg","contentUrl":"https:\/\/collegioimmacolata.it\/wp-content\/uploads\/2015\/08\/Favicon.jpg","width":93,"height":93,"caption":"Collegio Immacolata Conegliano"},"image":{"@id":"https:\/\/collegioimmacolata.it\/es\/#\/schema\/logo\/image\/"},"sameAs":["https:\/\/www.facebook.com\/CollegioImmacolata\/","https:\/\/www.youtube.com\/channel\/UCanScckbpzSY91ETQwAEmVw"]}]}},"_links":{"self":[{"href":"https:\/\/collegioimmacolata.it\/es\/wp-json\/wp\/v2\/pages\/4468"}],"collection":[{"href":"https:\/\/collegioimmacolata.it\/es\/wp-json\/wp\/v2\/pages"}],"about":[{"href":"https:\/\/collegioimmacolata.it\/es\/wp-json\/wp\/v2\/types\/page"}],"author":[{"embeddable":true,"href":"https:\/\/collegioimmacolata.it\/es\/wp-json\/wp\/v2\/users\/2"}],"replies":[{"embeddable":true,"href":"https:\/\/collegioimmacolata.it\/es\/wp-json\/wp\/v2\/comments?post=4468"}],"version-history":[{"count":9,"href":"https:\/\/collegioimmacolata.it\/es\/wp-json\/wp\/v2\/pages\/4468\/revisions"}],"predecessor-version":[{"id":4675,"href":"https:\/\/collegioimmacolata.it\/es\/wp-json\/wp\/v2\/pages\/4468\/revisions\/4675"}],"up":[{"embeddable":true,"href":"https:\/\/collegioimmacolata.it\/es\/wp-json\/wp\/v2\/pages\/4508"}],"wp:attachment":[{"href":"https:\/\/collegioimmacolata.it\/es\/wp-json\/wp\/v2\/media?parent=4468"}],"curies":[{"name":"wp","href":"https:\/\/api.w.org\/{rel}","templated":true}]}}