{"id":4477,"date":"2015-07-30T15:53:44","date_gmt":"2015-07-30T13:53:44","guid":{"rendered":"https:\/\/collegioimmacolata.it\/offerta-formativa-primaria\/"},"modified":"2020-08-05T10:31:07","modified_gmt":"2020-08-05T08:31:07","slug":"offerta-formativa-primaria","status":"publish","type":"page","link":"https:\/\/collegioimmacolata.it\/es\/scuola-primaria\/offerta-formativa-primaria\/","title":{"rendered":"Oferta Formativa"},"content":{"rendered":"<p><a href=\"https:\/\/collegioimmacolata.it\/wp-content\/uploads\/2019\/11\/brochure_primaria-1.pdf\">brochure_primaria<\/a><img decoding=\"async\" loading=\"lazy\" width=\"1200\" height=\"661\" class=\"alignnone size-full wp-image-363\" src=\"\/wp-content\/uploads\/2015\/05\/6966801451.jpg\" alt=\"696680145\" srcset=\"https:\/\/collegioimmacolata.it\/wp-content\/uploads\/2015\/05\/6966801451.jpg 1200w, https:\/\/collegioimmacolata.it\/wp-content\/uploads\/2015\/05\/6966801451-600x331.jpg 600w, https:\/\/collegioimmacolata.it\/wp-content\/uploads\/2015\/05\/6966801451-120x66.jpg 120w, https:\/\/collegioimmacolata.it\/wp-content\/uploads\/2015\/05\/6966801451-300x165.jpg 300w\" sizes=\"(max-width: 1200px) 100vw, 1200px\" \/><\/p>\n<p>La Oferta formativa de la <strong>Escuela Primaria<\/strong> est\u00e1 en continuidad educativa con la Escuela de Educaci\u00f3n Infantil. Favorece la experiencia en grupo, tanto en las actividades did\u00e1cticas como en el tiempo de ocio; una intensa relaci\u00f3n educativa con el tutor\/a de clase (modelo estrella) y una integraci\u00f3n arm\u00f3nica con la participaci\u00f3n de otros maestros que trabajan en la escuela.<\/p>\n<h3 class=\"p1\">Nuestra propuesta<\/h3>\n<p class=\"p1\">29 horas curriculares de 8.00 a 13.00 y dos tardes a la semana hasta las 16.00<\/p>\n<p class=\"p1\"><strong>Servicios ofrecidos por la escuela<\/strong><\/p>\n<ul style=\"list-style-type: disc;\">\n<li>\u00a0recepci\u00f3n\/pre-escuela de 7.30 a 8.00<\/li>\n<li>despu\u00e9s de clases\/ seguimiento en los deberes durante la tarde de 14.00 a 16.00<\/li>\n<li>servicio comedor certificado<\/li>\n<li>asesoramiento educativo para profesores y padres y apoyo en los procesos de aprendizaje (Centro de Psicolog\u00eda Escolar)<\/li>\n<\/ul>\n<p><strong>Horario<\/strong><br \/>\n&#8211; Cursos 1\u00ba &#8211; 2\u00ba: 27 horas por semana, incluye 2 horas en ingl\u00e9s (un retorno a clase por la tarde)<\/p>\n<p>&#8211; Cursos 3\u00ba &#8211; 4\u00ba &#8211; 5\u00ba: 27 horas por semana, incluye 2 horas en ingl\u00e9s (un retorno a clase por la tarde)<\/p>\n<p>La actividad escolar se lleva a cabo de lunes a viernes.<\/p>\n<p>Durante la actividad did\u00e1ctica los maestros pueden hacer uso de: gimnasio, sala de teatro y m\u00fasica, proyectores, reproductores de DVD y ordenadores. Tambi\u00e9n se ofrecen, a petici\u00f3n de los padres, el servicio de comedor, y en colaboraci\u00f3n con el Centro Juvenil, seguimiento en los deberes, actividades recreativas y deportivas: mini voleibol, mini-baloncesto, gimnasia r\u00edtmica, danza cl\u00e1sica y moderna.<\/p>\n<p>Promovemos una oferta formativa de alto perfil cultural, espiritual y pedag\u00f3gico. Organizamos un plan de estudios que integra disciplinas, habilidades, experiencias y prev\u00e9 la evaluaci\u00f3n y certificaci\u00f3n final de las competencias. Para nosotros tambi\u00e9n es importante promover la autoevaluaci\u00f3n, en vista de la mejora continua del estudiante, por ello animamos a los ni\u00f1os a tomar conciencia de sus resultados con el objetivo de medir sus competencias de forma aut\u00f3noma.<\/p>\n<h3 class=\"p1\">Escuela Internacional<\/h3>\n<p class=\"p1\">Nuestra escuela est\u00e1 comprometida con el proceso de <strong>internacionalizaci\u00f3n<\/strong> solicitado por la UE. Se centra en el dominio del <strong>ingl\u00e9s<\/strong> para ayudar a los ni\u00f1os y j\u00f3venes a afrontar los procesos de globalizaci\u00f3n, para responder a los nuevos escenarios econ\u00f3micos y culturales y para abrir la propia realidad a los dem\u00e1s.<\/p>\n<p class=\"p1\"><strong>Un proyecto para el futuro<\/strong><\/p>\n<p>Nuestro reto es no renunciar a la <strong>riqueza cultural de la escuela italiana<\/strong>, combinando de manera equilibrada tradici\u00f3n e innovaci\u00f3n, promoviendo la interdisciplinariedad y proporcionando conocimientos y competencias \u00fatiles para toda la vida.<\/p>\n<p class=\"p1\">Los <strong>certificados de Cambridge<\/strong> cumplen con la <strong>tradici\u00f3n educativa salesiana<\/strong>, ofreciendo herramientas para aumentar la formaci\u00f3n integral de la persona. Esto es posible debido a que est\u00e1n orientados estructuralmente al desarrollo de las competencias y a la integraci\u00f3n del saber, saber hacer, saber estar en el horizonte de los valores del humanismo cristiano.<\/p>\n<p><strong>Para aquellos que desean m\u00e1s &#8230;<\/strong><\/p>\n<ul>\n<li><strong> Profesor nativo<\/strong><\/li>\n<li>CLIL en algunas disciplinas: Matem\u00e1ticas, Ciencias, Geograf\u00eda<\/li>\n<li><strong>Certificaciones de Cambridge a partir del tercer curso <\/strong><\/li>\n<li>Salidas y experiencias did\u00e1cticas en Ingl\u00e9s<\/li>\n<li>Teatro en Ingl\u00e9s<\/li>\n<li>Lectura de un libro en Ingl\u00e9s<\/li>\n<li><strong>Campamento de verano en la monta\u00f1a en ingl\u00e9s<\/strong><\/li>\n<li>Tercer retorno a clase opcional de 14. 00 a 16.00 con:<br \/>\n&#8211; clases de ingl\u00e9s y espa\u00f1ol (a partir del tercer curso)<br \/>\n&#8211; talleres art\u00edstico-expresivo, cient\u00edfico, de codificaci\u00f3n y rob\u00f3tica<br \/>\n&#8211; cursos de instrumento musical<br \/>\n&#8211; actividades de danza y deporte<\/li>\n<li>Actividades con participaci\u00f3n de las familias.<\/li>\n<\/ul>\n<table style=\"border-collapse: collapse; width: 100%; border: 0;\" border=\"0\">\n<tbody>\n<tr>\n<td style=\"width: 50%; text-align: right;\"><a href=\"https:\/\/collegioimmacolata.it\/wp-content\/uploads\/2019\/10\/POF_19-20_Primaria.pdf\" target=\"_blank\" rel=\"noopener noreferrer\"><img decoding=\"async\" loading=\"lazy\" class=\"alignnone wp-image-3261 size-full\" src=\"https:\/\/collegioimmacolata.it\/wp-content\/uploads\/2019\/11\/pulsant_pof.png\" alt=\"Scarica il P.O.F. Piano dell'Offerta Formativa\" width=\"308\" height=\"92\" srcset=\"https:\/\/collegioimmacolata.it\/wp-content\/uploads\/2019\/11\/pulsant_pof.png 308w, https:\/\/collegioimmacolata.it\/wp-content\/uploads\/2019\/11\/pulsant_pof-120x36.png 120w, https:\/\/collegioimmacolata.it\/wp-content\/uploads\/2019\/11\/pulsant_pof-300x90.png 300w\" sizes=\"(max-width: 308px) 100vw, 308px\" \/><\/a><\/td>\n<td style=\"width: 50%;\"><a href=\"https:\/\/collegioimmacolata.it\/wp-content\/uploads\/2019\/11\/brochure_primaria-1.pdf\" target=\"_blank\" rel=\"noopener noreferrer\"><img decoding=\"async\" loading=\"lazy\" class=\"alignnone wp-image-3262 size-full\" src=\"https:\/\/collegioimmacolata.it\/wp-content\/uploads\/2019\/11\/pulsante_brochure.png\" alt=\"Scarica la brochuer\" width=\"308\" height=\"92\" srcset=\"https:\/\/collegioimmacolata.it\/wp-content\/uploads\/2019\/11\/pulsante_brochure.png 308w, https:\/\/collegioimmacolata.it\/wp-content\/uploads\/2019\/11\/pulsante_brochure-120x36.png 120w, https:\/\/collegioimmacolata.it\/wp-content\/uploads\/2019\/11\/pulsante_brochure-300x90.png 300w\" sizes=\"(max-width: 308px) 100vw, 308px\" \/><\/a><\/td>\n<\/tr>\n<\/tbody>\n<\/table>\n","protected":false},"excerpt":{"rendered":"brochure_primaria La Oferta formativa de la Escuela Primaria est\u00e1 en continuidad educativa con la Escuela de Educaci\u00f3n Infantil&#8230;.","protected":false},"author":4,"featured_media":4479,"parent":4511,"menu_order":0,"comment_status":"closed","ping_status":"closed","template":"page-template_statico.php","meta":[],"yoast_head":"<!-- This site is optimized with the Yoast SEO plugin v20.12 - https:\/\/yoast.com\/wordpress\/plugins\/seo\/ -->\n<title>Oferta Formativa - Collegio Immacolata Conegliano<\/title>\n<meta name=\"robots\" content=\"index, follow, max-snippet:-1, max-image-preview:large, max-video-preview:-1\" \/>\n<link rel=\"canonical\" href=\"https:\/\/collegioimmacolata.it\/es\/scuola-primaria\/offerta-formativa-primaria\/\" \/>\n<meta property=\"og:locale\" content=\"es_ES\" \/>\n<meta property=\"og:type\" content=\"article\" \/>\n<meta property=\"og:title\" content=\"Oferta Formativa - Collegio Immacolata Conegliano\" \/>\n<meta property=\"og:description\" content=\"brochure_primaria La Oferta formativa de la Escuela Primaria est\u00e1 en continuidad educativa con la Escuela de Educaci\u00f3n Infantil....\" \/>\n<meta property=\"og:url\" content=\"https:\/\/collegioimmacolata.it\/es\/scuola-primaria\/offerta-formativa-primaria\/\" \/>\n<meta property=\"og:site_name\" content=\"Collegio Immacolata Conegliano\" \/>\n<meta property=\"article:publisher\" content=\"https:\/\/www.facebook.com\/CollegioImmacolata\/\" \/>\n<meta property=\"article:modified_time\" content=\"2020-08-05T08:31:07+00:00\" \/>\n<meta property=\"og:image\" content=\"https:\/\/collegioimmacolata.it\/wp-content\/uploads\/2015\/05\/6966801451.jpg\" \/>\n\t<meta property=\"og:image:width\" content=\"1200\" \/>\n\t<meta property=\"og:image:height\" content=\"661\" \/>\n\t<meta property=\"og:image:type\" content=\"image\/jpeg\" \/>\n<meta name=\"twitter:card\" content=\"summary_large_image\" \/>\n<meta name=\"twitter:label1\" content=\"Tiempo de lectura\" \/>\n\t<meta name=\"twitter:data1\" content=\"3 minutos\" \/>\n<script type=\"application\/ld+json\" class=\"yoast-schema-graph\">{\"@context\":\"https:\/\/schema.org\",\"@graph\":[{\"@type\":\"WebPage\",\"@id\":\"https:\/\/collegioimmacolata.it\/es\/scuola-primaria\/offerta-formativa-primaria\/\",\"url\":\"https:\/\/collegioimmacolata.it\/es\/scuola-primaria\/offerta-formativa-primaria\/\",\"name\":\"Oferta Formativa - Collegio Immacolata Conegliano\",\"isPartOf\":{\"@id\":\"https:\/\/collegioimmacolata.it\/es\/#website\"},\"datePublished\":\"2015-07-30T13:53:44+00:00\",\"dateModified\":\"2020-08-05T08:31:07+00:00\",\"breadcrumb\":{\"@id\":\"https:\/\/collegioimmacolata.it\/es\/scuola-primaria\/offerta-formativa-primaria\/#breadcrumb\"},\"inLanguage\":\"es\",\"potentialAction\":[{\"@type\":\"ReadAction\",\"target\":[\"https:\/\/collegioimmacolata.it\/es\/scuola-primaria\/offerta-formativa-primaria\/\"]}]},{\"@type\":\"BreadcrumbList\",\"@id\":\"https:\/\/collegioimmacolata.it\/es\/scuola-primaria\/offerta-formativa-primaria\/#breadcrumb\",\"itemListElement\":[{\"@type\":\"ListItem\",\"position\":1,\"name\":\"Home\",\"item\":\"https:\/\/collegioimmacolata.it\/es\/\"},{\"@type\":\"ListItem\",\"position\":2,\"name\":\"Escuela Primaria\",\"item\":\"https:\/\/collegioimmacolata.it\/es\/scuola-primaria\/\"},{\"@type\":\"ListItem\",\"position\":3,\"name\":\"Oferta Formativa\"}]},{\"@type\":\"WebSite\",\"@id\":\"https:\/\/collegioimmacolata.it\/es\/#website\",\"url\":\"https:\/\/collegioimmacolata.it\/es\/\",\"name\":\"Collegio Immacolata Conegliano\",\"description\":\"Dal 1897 Scuola leader nell&#039;educazione di bambini e ragazzi, basata sulla pedagogia delle suore Salesiane offre percorsi innovativi e attenti alla persona\",\"publisher\":{\"@id\":\"https:\/\/collegioimmacolata.it\/es\/#organization\"},\"potentialAction\":[{\"@type\":\"SearchAction\",\"target\":{\"@type\":\"EntryPoint\",\"urlTemplate\":\"https:\/\/collegioimmacolata.it\/es\/?s={search_term_string}\"},\"query-input\":\"required name=search_term_string\"}],\"inLanguage\":\"es\"},{\"@type\":\"Organization\",\"@id\":\"https:\/\/collegioimmacolata.it\/es\/#organization\",\"name\":\"Collegio Immacolata Conegliano\",\"url\":\"https:\/\/collegioimmacolata.it\/es\/\",\"logo\":{\"@type\":\"ImageObject\",\"inLanguage\":\"es\",\"@id\":\"https:\/\/collegioimmacolata.it\/es\/#\/schema\/logo\/image\/\",\"url\":\"https:\/\/collegioimmacolata.it\/wp-content\/uploads\/2015\/08\/Favicon.jpg\",\"contentUrl\":\"https:\/\/collegioimmacolata.it\/wp-content\/uploads\/2015\/08\/Favicon.jpg\",\"width\":93,\"height\":93,\"caption\":\"Collegio Immacolata Conegliano\"},\"image\":{\"@id\":\"https:\/\/collegioimmacolata.it\/es\/#\/schema\/logo\/image\/\"},\"sameAs\":[\"https:\/\/www.facebook.com\/CollegioImmacolata\/\",\"https:\/\/www.youtube.com\/channel\/UCanScckbpzSY91ETQwAEmVw\"]}]}<\/script>\n<!-- \/ Yoast SEO plugin. -->","yoast_head_json":{"title":"Oferta Formativa - Collegio Immacolata Conegliano","robots":{"index":"index","follow":"follow","max-snippet":"max-snippet:-1","max-image-preview":"max-image-preview:large","max-video-preview":"max-video-preview:-1"},"canonical":"https:\/\/collegioimmacolata.it\/es\/scuola-primaria\/offerta-formativa-primaria\/","og_locale":"es_ES","og_type":"article","og_title":"Oferta Formativa - Collegio Immacolata Conegliano","og_description":"brochure_primaria La Oferta formativa de la Escuela Primaria est\u00e1 en continuidad educativa con la Escuela de Educaci\u00f3n Infantil....","og_url":"https:\/\/collegioimmacolata.it\/es\/scuola-primaria\/offerta-formativa-primaria\/","og_site_name":"Collegio Immacolata Conegliano","article_publisher":"https:\/\/www.facebook.com\/CollegioImmacolata\/","article_modified_time":"2020-08-05T08:31:07+00:00","og_image":[{"width":1200,"height":661,"url":"https:\/\/collegioimmacolata.it\/wp-content\/uploads\/2015\/05\/6966801451.jpg","type":"image\/jpeg"}],"twitter_card":"summary_large_image","twitter_misc":{"Tiempo de lectura":"3 minutos"},"schema":{"@context":"https:\/\/schema.org","@graph":[{"@type":"WebPage","@id":"https:\/\/collegioimmacolata.it\/es\/scuola-primaria\/offerta-formativa-primaria\/","url":"https:\/\/collegioimmacolata.it\/es\/scuola-primaria\/offerta-formativa-primaria\/","name":"Oferta Formativa - Collegio Immacolata Conegliano","isPartOf":{"@id":"https:\/\/collegioimmacolata.it\/es\/#website"},"datePublished":"2015-07-30T13:53:44+00:00","dateModified":"2020-08-05T08:31:07+00:00","breadcrumb":{"@id":"https:\/\/collegioimmacolata.it\/es\/scuola-primaria\/offerta-formativa-primaria\/#breadcrumb"},"inLanguage":"es","potentialAction":[{"@type":"ReadAction","target":["https:\/\/collegioimmacolata.it\/es\/scuola-primaria\/offerta-formativa-primaria\/"]}]},{"@type":"BreadcrumbList","@id":"https:\/\/collegioimmacolata.it\/es\/scuola-primaria\/offerta-formativa-primaria\/#breadcrumb","itemListElement":[{"@type":"ListItem","position":1,"name":"Home","item":"https:\/\/collegioimmacolata.it\/es\/"},{"@type":"ListItem","position":2,"name":"Escuela Primaria","item":"https:\/\/collegioimmacolata.it\/es\/scuola-primaria\/"},{"@type":"ListItem","position":3,"name":"Oferta Formativa"}]},{"@type":"WebSite","@id":"https:\/\/collegioimmacolata.it\/es\/#website","url":"https:\/\/collegioimmacolata.it\/es\/","name":"Collegio Immacolata Conegliano","description":"Dal 1897 Scuola leader nell&#039;educazione di bambini e ragazzi, basata sulla pedagogia delle suore Salesiane offre percorsi innovativi e attenti alla persona","publisher":{"@id":"https:\/\/collegioimmacolata.it\/es\/#organization"},"potentialAction":[{"@type":"SearchAction","target":{"@type":"EntryPoint","urlTemplate":"https:\/\/collegioimmacolata.it\/es\/?s={search_term_string}"},"query-input":"required name=search_term_string"}],"inLanguage":"es"},{"@type":"Organization","@id":"https:\/\/collegioimmacolata.it\/es\/#organization","name":"Collegio Immacolata Conegliano","url":"https:\/\/collegioimmacolata.it\/es\/","logo":{"@type":"ImageObject","inLanguage":"es","@id":"https:\/\/collegioimmacolata.it\/es\/#\/schema\/logo\/image\/","url":"https:\/\/collegioimmacolata.it\/wp-content\/uploads\/2015\/08\/Favicon.jpg","contentUrl":"https:\/\/collegioimmacolata.it\/wp-content\/uploads\/2015\/08\/Favicon.jpg","width":93,"height":93,"caption":"Collegio Immacolata Conegliano"},"image":{"@id":"https:\/\/collegioimmacolata.it\/es\/#\/schema\/logo\/image\/"},"sameAs":["https:\/\/www.facebook.com\/CollegioImmacolata\/","https:\/\/www.youtube.com\/channel\/UCanScckbpzSY91ETQwAEmVw"]}]}},"_links":{"self":[{"href":"https:\/\/collegioimmacolata.it\/es\/wp-json\/wp\/v2\/pages\/4477"}],"collection":[{"href":"https:\/\/collegioimmacolata.it\/es\/wp-json\/wp\/v2\/pages"}],"about":[{"href":"https:\/\/collegioimmacolata.it\/es\/wp-json\/wp\/v2\/types\/page"}],"author":[{"embeddable":true,"href":"https:\/\/collegioimmacolata.it\/es\/wp-json\/wp\/v2\/users\/4"}],"replies":[{"embeddable":true,"href":"https:\/\/collegioimmacolata.it\/es\/wp-json\/wp\/v2\/comments?post=4477"}],"version-history":[{"count":4,"href":"https:\/\/collegioimmacolata.it\/es\/wp-json\/wp\/v2\/pages\/4477\/revisions"}],"predecessor-version":[{"id":4724,"href":"https:\/\/collegioimmacolata.it\/es\/wp-json\/wp\/v2\/pages\/4477\/revisions\/4724"}],"up":[{"embeddable":true,"href":"https:\/\/collegioimmacolata.it\/es\/wp-json\/wp\/v2\/pages\/4511"}],"wp:featuredmedia":[{"embeddable":true,"href":"https:\/\/collegioimmacolata.it\/es\/wp-json\/wp\/v2\/media\/4479"}],"wp:attachment":[{"href":"https:\/\/collegioimmacolata.it\/es\/wp-json\/wp\/v2\/media?parent=4477"}],"curies":[{"name":"wp","href":"https:\/\/api.w.org\/{rel}","templated":true}]}}