{"id":4511,"date":"2015-05-28T08:43:56","date_gmt":"2015-05-28T06:43:56","guid":{"rendered":"https:\/\/collegioimmacolata.it\/scuola-primaria\/"},"modified":"2020-08-05T10:11:35","modified_gmt":"2020-08-05T08:11:35","slug":"scuola-primaria","status":"publish","type":"page","link":"https:\/\/collegioimmacolata.it\/es\/scuola-primaria\/","title":{"rendered":"Escuela Primaria"},"content":{"rendered":"<p>La <em>identidad<\/em> de la Escuela Primaria gira alrededor del mensaje evang\u00e9lico, del carisma educativo de Don Bosco, pedag\u00f3gicamente se resume en el \u00abSistema Preventivo\u00bb, y la profunda convicci\u00f3n de que la experiencia educativa es, desde siempre y m\u00e1s a\u00fan en nuestro tiempo, un momento especial e insustituible de crecimiento en el camino existencial de cada individuo.<\/p>\n<p>A partir de estas referencias la Escuela Primaria del Collegio Inmacolata tiene en consideraci\u00f3n una variedad de orientaciones, para los valores y la educaci\u00f3n:<br \/>\n\u2022 La visi\u00f3n cristiana de la realidad;<br \/>\n\u2022 La centralidad de la persona y la familia;<br \/>\n\u2022 \u00a0El momento de la experiencia escolar;<br \/>\n\u2022 El ambiente educativo;<br \/>\n\u2022 La conciencia de tener que profundizar de forma continua sobre qu\u00e9 es la &#8216;educaci\u00f3n&#8217; y qu\u00e9 implica asumir, un compromiso con la formaci\u00f3n continua.<\/p>\n<p><img decoding=\"async\" loading=\"lazy\" class=\"alignnone wp-image-943 size-full\" src=\"\/wp-content\/uploads\/2015\/05\/Scuola_Primaria_Conegliano_Collegio_Immacolata.jpg\" alt=\"Ragazzi felici nella scuola primaria del Collegio Immacolata Conegliano\" width=\"653\" height=\"400\" srcset=\"https:\/\/collegioimmacolata.it\/wp-content\/uploads\/2015\/05\/Scuola_Primaria_Conegliano_Collegio_Immacolata.jpg 653w, https:\/\/collegioimmacolata.it\/wp-content\/uploads\/2015\/05\/Scuola_Primaria_Conegliano_Collegio_Immacolata-600x368.jpg 600w, https:\/\/collegioimmacolata.it\/wp-content\/uploads\/2015\/05\/Scuola_Primaria_Conegliano_Collegio_Immacolata-120x74.jpg 120w, https:\/\/collegioimmacolata.it\/wp-content\/uploads\/2015\/05\/Scuola_Primaria_Conegliano_Collegio_Immacolata-300x184.jpg 300w\" sizes=\"(max-width: 653px) 100vw, 653px\" \/><\/p>\n<h4><strong>Horizonte pedag\u00f3gico<\/strong><\/h4>\n<p>Nuestra escuela desarrolla su <strong>Misi\u00f3n,<\/strong> teniendo en cuenta su compleja identidad de escuela, cat\u00f3lica, salesiana, y considerando, al mismo tiempo, tres factores, altamente integrados entre s\u00ed:<\/p>\n<p>&#8211; la lectura de la realidad, con especial atenci\u00f3n a la edad de la ni\u00f1ez 6-10 a\u00f1os (saber);<\/p>\n<p>&#8211; la evaluaci\u00f3n cr\u00edtica de los elementos m\u00e1s importantes (juzgar);<\/p>\n<p>&#8211; la toma de iniciativas para afrontar la realidad (actuar).<\/p>\n<p>Este proceso est\u00e1 siempre in itinere, y se practica de acuerdo con tres principios b\u00e1sicos: <em>comprensi\u00f3n, explicaci\u00f3n, aplicaci\u00f3n.<\/em><\/p>\n<p>Para nosotros, ser <strong>\u00abESCUELA\u00bb,<\/strong> hoy en d\u00eda, significa:<\/p>\n<p><strong>saber:<\/strong><br \/>\n&#8211; que la experiencia escolar representa un momento crucial en el crecimiento de cada alumno;<br \/>\n&#8211; que los alumnos viven situaciones problem\u00e1ticas debido a la falta de puntos de referencia cre\u00edbles en el mundo de los adultos;<br \/>\n&#8211; que la especificidad de la escuela ofrece un camino de crecimiento.<\/p>\n<p><strong>juzgar:<\/strong><br \/>\n&#8211; actitudes relativistas de muchos adultos como una de las causas de la incapacidad de los ni\u00f1os para tomar decisiones importantes y responsables;<br \/>\n&#8211; el mundo vital de los ni\u00f1os como un recurso potencialmente rico de valores y capacidades para pensar y crear nuevas ideas, pero tambi\u00e9n pobre de motivaciones s\u00f3lidamente arraigadas;<br \/>\n&#8211; para aprender a conocer, a hacer, a vivir con los dem\u00e1s, y, finalmente, aprender a ser, como los \u00abcuatro pilares de la educaci\u00f3n\u00bb (Delors, Nell&#8217;educazione un tesore, pp 79-90.).<\/p>\n<p><strong>actuar:<\/strong><br \/>\n&#8211; con claridad de intenciones y transparencia en los proyectos, con el fin de poner a los alumnos (y sus familias) en la condici\u00f3n de comparar cr\u00edticamente con todas las propuestas e iniciativas de la escuela;<br \/>\n&#8211; con la voluntad de elaborar proyectos de trabajo motivados, debatidos y factibles;<br \/>\n&#8211; calificando todos los aspectos de la vida de la escuela conociendo muy bien que s\u00f3lo en la calidad de su conjunto una escuela puede ser apreciada y cre\u00edble.<\/p>\n<p>Para nosotros, ser una escuela <strong>\u00abCAT\u00d3LICA\u00bb,<\/strong> hoy en d\u00eda, significa:<\/p>\n<p><strong>saber:<\/strong><br \/>\n&#8211; que la generalizada crisis de sentido involucra directa y dram\u00e1ticamente la dimensi\u00f3n religiosa y la concepci\u00f3n cristiana de la vida;<br \/>\n&#8211; que la cultura, que la escuela comunica a las nuevas generaciones, es un lugar privilegiado para la b\u00fasqueda de sentido, incluyendo el sentido religioso y cristiano de la existencia;<br \/>\n&#8211; que la escuela puede contribuir de manera importante a sentar las bases para que los ni\u00f1os sean capaces de reconocer y entender su mundo y las ra\u00edces cristianas de la propia cultura.<\/p>\n<p><strong>juzgar:<\/strong><br \/>\n&#8211; la crisis de sentido, no s\u00f3lo como un problema, sino tambi\u00e9n como un recurso para la escuela cat\u00f3lica, ya que representa un desaf\u00edo a su capacidad para demostrar la validez y credibilidad de la concepci\u00f3n cristiana, incluso en el mundo contempor\u00e1neo;<br \/>\n&#8211; la dificultad de entender y acoger la experiencia de la fe, debido a la escasez generalizada de la cultura religiosa.<\/p>\n<p><strong>actuar:<\/strong><br \/>\n&#8211; con el conocimiento de formar una cultura religiosa, que presupone una s\u00f3lida formaci\u00f3n cultural b\u00e1sica;<br \/>\n&#8211; con el conocimiento de educar a la b\u00fasqueda de la verdad, de la belleza y del bien que representa el mejor modo de iniciar la experiencia de la fe;<br \/>\n&#8211; con la voluntad de crear di\u00e1logo con todos los alumnos de la escuela, creyentes y no creyentes y creyentes de otras religiones, un momento de gran valor para el testimonio de fe cat\u00f3lica en la escuela.<\/p>\n<p>Para nosotros, ser una escuela cat\u00f3lica <strong>\u00abSALESIANA\u00bb,<\/strong> hoy en d\u00eda, significa:<\/p>\n<p><strong>saber:<\/strong><br \/>\n&#8211; que el sistema preventivo salesiano, para poder ser aplicado en la realidad de la vida escolar, debe entenderse correctamente y reinterpretarse constantemente;<br \/>\n&#8211; que educar seg\u00fan la raz\u00f3n significa hacerlo con un alto nivel de motivaciones pedag\u00f3gicas y culturales, y con un nivel de profesionalidad que involucra a personas, estructuras y organizaciones;<br \/>\n&#8211; que la ense\u00f1anza de la religi\u00f3n significa formar a la b\u00fasqueda radical del sentido de la vida, que pone las bases para una apertura a la dimensi\u00f3n religiosa;<br \/>\n&#8211; que educar con afecto significa cuidar la calidad y la autenticidad de la relaci\u00f3n comunicativa y emocional entre alumnos y profesores.<\/p>\n<p><strong>juzgar:<\/strong><br \/>\n&#8211; con mucho cuidado el fen\u00f3meno de la pobreza, la antigua y la nueva, y las necesidades emergentes en el mundo de los ni\u00f1os;<br \/>\n&#8211; como cruciales para la realizaci\u00f3n del proyecto educativo de la escuela, la relaci\u00f3n entre el ambiente familiar en el que viven los alumnos y el esp\u00edritu de familia, propio de la comunidad educativa salesiana;<\/p>\n<p><strong>actuar:<\/strong><br \/>\n&#8211; tomando muy en serio las vivencias de los ni\u00f1os y su entorno, familiar, social y cultural;<br \/>\n&#8211; promoviendo con creatividad nuevas formas de vivir la experiencia de crecimiento (entretenimiento y esp\u00edritu de escuela);<br \/>\n&#8211; queriendo sacar lo mejor de la reflexi\u00f3n pedag\u00f3gica contempor\u00e1nea, todo aquello que puede ser positivo para una posterior calificaci\u00f3n del estilo educativo salesiano.<\/p>\n<h4>Proyecto Internacional<\/h4>\n<p>Nuestra escuela est\u00e1 comprometida con el proceso de internacionalizaci\u00f3n solicitado por la UE. Se centra en el dominio de la lengua inglesa para ayudar a ni\u00f1os y j\u00f3venes a afrontar los procesos de globalizaci\u00f3n, combinando, de forma equilibrada tradici\u00f3n e innovaci\u00f3n, promoviendo la interdisciplinaridad y ofreciendo conocimientos y habilidades \u00fatiles para toda la vida.<\/p>\n<p><span style=\"text-decoration: underline;\"><strong>El proyecto internacional<\/strong><\/span> incluye tambi\u00e9n:<\/p>\n<p>\u2022 Certificaciones Cambridge a partir del tercer curso<\/p>\n<p>\u2022 Salidas y experiencias did\u00e1cticas en ingl\u00e9s<\/p>\n<p>\u2022 Teatro en ingl\u00e9s y lectura de un libro en ingl\u00e9s<\/p>\n<p>\u2022 Campamento de verano en la monta\u00f1a en ingl\u00e9s<\/p>\n","protected":false},"excerpt":{"rendered":"La identidad de la Escuela Primaria gira alrededor del mensaje evang\u00e9lico, del carisma educativo de Don Bosco, pedag\u00f3gicamente&#8230;","protected":false},"author":4,"featured_media":4449,"parent":0,"menu_order":0,"comment_status":"closed","ping_status":"closed","template":"page-template_statico.php","meta":[],"yoast_head":"<!-- This site is optimized with the Yoast SEO plugin v20.12 - https:\/\/yoast.com\/wordpress\/plugins\/seo\/ -->\n<title>Scuola Primaria Elementare - Collegio Immacolata Conegliano<\/title>\n<meta name=\"description\" content=\"La Scuola Primaria del Collegio Immacolata \u00e8 una scuola elementare cattolica, salesiana, paritaria con un metodo di apprendimento internazionale\" \/>\n<meta name=\"robots\" content=\"index, follow, max-snippet:-1, max-image-preview:large, max-video-preview:-1\" \/>\n<link rel=\"canonical\" href=\"https:\/\/collegioimmacolata.it\/es\/scuola-primaria\/\" \/>\n<meta property=\"og:locale\" content=\"es_ES\" \/>\n<meta property=\"og:type\" content=\"article\" \/>\n<meta property=\"og:title\" content=\"Scuola Primaria Elementare - Collegio Immacolata Conegliano\" \/>\n<meta property=\"og:description\" content=\"La Scuola Primaria del Collegio Immacolata \u00e8 una scuola elementare cattolica, salesiana, paritaria con un metodo di apprendimento internazionale\" \/>\n<meta property=\"og:url\" content=\"https:\/\/collegioimmacolata.it\/es\/scuola-primaria\/\" \/>\n<meta property=\"og:site_name\" content=\"Collegio Immacolata Conegliano\" \/>\n<meta property=\"article:publisher\" content=\"https:\/\/www.facebook.com\/CollegioImmacolata\/\" \/>\n<meta property=\"article:modified_time\" content=\"2020-08-05T08:11:35+00:00\" \/>\n<meta property=\"og:image\" content=\"https:\/\/collegioimmacolata.it\/wp-content\/uploads\/2015\/06\/iStock_000005985025XLarge.jpg\" \/>\n\t<meta property=\"og:image:width\" content=\"1100\" \/>\n\t<meta property=\"og:image:height\" content=\"778\" \/>\n\t<meta property=\"og:image:type\" content=\"image\/jpeg\" \/>\n<meta name=\"twitter:card\" content=\"summary_large_image\" \/>\n<meta name=\"twitter:label1\" content=\"Tiempo de lectura\" \/>\n\t<meta name=\"twitter:data1\" content=\"5 minutos\" \/>\n<script type=\"application\/ld+json\" class=\"yoast-schema-graph\">{\"@context\":\"https:\/\/schema.org\",\"@graph\":[{\"@type\":\"WebPage\",\"@id\":\"https:\/\/collegioimmacolata.it\/es\/scuola-primaria\/\",\"url\":\"https:\/\/collegioimmacolata.it\/es\/scuola-primaria\/\",\"name\":\"Scuola Primaria Elementare - Collegio Immacolata Conegliano\",\"isPartOf\":{\"@id\":\"https:\/\/collegioimmacolata.it\/es\/#website\"},\"datePublished\":\"2015-05-28T06:43:56+00:00\",\"dateModified\":\"2020-08-05T08:11:35+00:00\",\"description\":\"La Scuola Primaria del Collegio Immacolata \u00e8 una scuola elementare cattolica, salesiana, paritaria con un metodo di apprendimento internazionale\",\"breadcrumb\":{\"@id\":\"https:\/\/collegioimmacolata.it\/es\/scuola-primaria\/#breadcrumb\"},\"inLanguage\":\"es\",\"potentialAction\":[{\"@type\":\"ReadAction\",\"target\":[\"https:\/\/collegioimmacolata.it\/es\/scuola-primaria\/\"]}]},{\"@type\":\"BreadcrumbList\",\"@id\":\"https:\/\/collegioimmacolata.it\/es\/scuola-primaria\/#breadcrumb\",\"itemListElement\":[{\"@type\":\"ListItem\",\"position\":1,\"name\":\"Home\",\"item\":\"https:\/\/collegioimmacolata.it\/es\/\"},{\"@type\":\"ListItem\",\"position\":2,\"name\":\"Escuela Primaria\"}]},{\"@type\":\"WebSite\",\"@id\":\"https:\/\/collegioimmacolata.it\/es\/#website\",\"url\":\"https:\/\/collegioimmacolata.it\/es\/\",\"name\":\"Collegio Immacolata Conegliano\",\"description\":\"Dal 1897 Scuola leader nell&#039;educazione di bambini e ragazzi, basata sulla pedagogia delle suore Salesiane offre percorsi innovativi e attenti alla persona\",\"publisher\":{\"@id\":\"https:\/\/collegioimmacolata.it\/es\/#organization\"},\"potentialAction\":[{\"@type\":\"SearchAction\",\"target\":{\"@type\":\"EntryPoint\",\"urlTemplate\":\"https:\/\/collegioimmacolata.it\/es\/?s={search_term_string}\"},\"query-input\":\"required name=search_term_string\"}],\"inLanguage\":\"es\"},{\"@type\":\"Organization\",\"@id\":\"https:\/\/collegioimmacolata.it\/es\/#organization\",\"name\":\"Collegio Immacolata Conegliano\",\"url\":\"https:\/\/collegioimmacolata.it\/es\/\",\"logo\":{\"@type\":\"ImageObject\",\"inLanguage\":\"es\",\"@id\":\"https:\/\/collegioimmacolata.it\/es\/#\/schema\/logo\/image\/\",\"url\":\"https:\/\/collegioimmacolata.it\/wp-content\/uploads\/2015\/08\/Favicon.jpg\",\"contentUrl\":\"https:\/\/collegioimmacolata.it\/wp-content\/uploads\/2015\/08\/Favicon.jpg\",\"width\":93,\"height\":93,\"caption\":\"Collegio Immacolata Conegliano\"},\"image\":{\"@id\":\"https:\/\/collegioimmacolata.it\/es\/#\/schema\/logo\/image\/\"},\"sameAs\":[\"https:\/\/www.facebook.com\/CollegioImmacolata\/\",\"https:\/\/www.youtube.com\/channel\/UCanScckbpzSY91ETQwAEmVw\"]}]}<\/script>\n<!-- \/ Yoast SEO plugin. -->","yoast_head_json":{"title":"Scuola Primaria Elementare - Collegio Immacolata Conegliano","description":"La Scuola Primaria del Collegio Immacolata \u00e8 una scuola elementare cattolica, salesiana, paritaria con un metodo di apprendimento internazionale","robots":{"index":"index","follow":"follow","max-snippet":"max-snippet:-1","max-image-preview":"max-image-preview:large","max-video-preview":"max-video-preview:-1"},"canonical":"https:\/\/collegioimmacolata.it\/es\/scuola-primaria\/","og_locale":"es_ES","og_type":"article","og_title":"Scuola Primaria Elementare - Collegio Immacolata Conegliano","og_description":"La Scuola Primaria del Collegio Immacolata \u00e8 una scuola elementare cattolica, salesiana, paritaria con un metodo di apprendimento internazionale","og_url":"https:\/\/collegioimmacolata.it\/es\/scuola-primaria\/","og_site_name":"Collegio Immacolata Conegliano","article_publisher":"https:\/\/www.facebook.com\/CollegioImmacolata\/","article_modified_time":"2020-08-05T08:11:35+00:00","og_image":[{"width":1100,"height":778,"url":"https:\/\/collegioimmacolata.it\/wp-content\/uploads\/2015\/06\/iStock_000005985025XLarge.jpg","type":"image\/jpeg"}],"twitter_card":"summary_large_image","twitter_misc":{"Tiempo de lectura":"5 minutos"},"schema":{"@context":"https:\/\/schema.org","@graph":[{"@type":"WebPage","@id":"https:\/\/collegioimmacolata.it\/es\/scuola-primaria\/","url":"https:\/\/collegioimmacolata.it\/es\/scuola-primaria\/","name":"Scuola Primaria Elementare - Collegio Immacolata Conegliano","isPartOf":{"@id":"https:\/\/collegioimmacolata.it\/es\/#website"},"datePublished":"2015-05-28T06:43:56+00:00","dateModified":"2020-08-05T08:11:35+00:00","description":"La Scuola Primaria del Collegio Immacolata \u00e8 una scuola elementare cattolica, salesiana, paritaria con un metodo di apprendimento internazionale","breadcrumb":{"@id":"https:\/\/collegioimmacolata.it\/es\/scuola-primaria\/#breadcrumb"},"inLanguage":"es","potentialAction":[{"@type":"ReadAction","target":["https:\/\/collegioimmacolata.it\/es\/scuola-primaria\/"]}]},{"@type":"BreadcrumbList","@id":"https:\/\/collegioimmacolata.it\/es\/scuola-primaria\/#breadcrumb","itemListElement":[{"@type":"ListItem","position":1,"name":"Home","item":"https:\/\/collegioimmacolata.it\/es\/"},{"@type":"ListItem","position":2,"name":"Escuela Primaria"}]},{"@type":"WebSite","@id":"https:\/\/collegioimmacolata.it\/es\/#website","url":"https:\/\/collegioimmacolata.it\/es\/","name":"Collegio Immacolata Conegliano","description":"Dal 1897 Scuola leader nell&#039;educazione di bambini e ragazzi, basata sulla pedagogia delle suore Salesiane offre percorsi innovativi e attenti alla persona","publisher":{"@id":"https:\/\/collegioimmacolata.it\/es\/#organization"},"potentialAction":[{"@type":"SearchAction","target":{"@type":"EntryPoint","urlTemplate":"https:\/\/collegioimmacolata.it\/es\/?s={search_term_string}"},"query-input":"required name=search_term_string"}],"inLanguage":"es"},{"@type":"Organization","@id":"https:\/\/collegioimmacolata.it\/es\/#organization","name":"Collegio Immacolata Conegliano","url":"https:\/\/collegioimmacolata.it\/es\/","logo":{"@type":"ImageObject","inLanguage":"es","@id":"https:\/\/collegioimmacolata.it\/es\/#\/schema\/logo\/image\/","url":"https:\/\/collegioimmacolata.it\/wp-content\/uploads\/2015\/08\/Favicon.jpg","contentUrl":"https:\/\/collegioimmacolata.it\/wp-content\/uploads\/2015\/08\/Favicon.jpg","width":93,"height":93,"caption":"Collegio Immacolata Conegliano"},"image":{"@id":"https:\/\/collegioimmacolata.it\/es\/#\/schema\/logo\/image\/"},"sameAs":["https:\/\/www.facebook.com\/CollegioImmacolata\/","https:\/\/www.youtube.com\/channel\/UCanScckbpzSY91ETQwAEmVw"]}]}},"_links":{"self":[{"href":"https:\/\/collegioimmacolata.it\/es\/wp-json\/wp\/v2\/pages\/4511"}],"collection":[{"href":"https:\/\/collegioimmacolata.it\/es\/wp-json\/wp\/v2\/pages"}],"about":[{"href":"https:\/\/collegioimmacolata.it\/es\/wp-json\/wp\/v2\/types\/page"}],"author":[{"embeddable":true,"href":"https:\/\/collegioimmacolata.it\/es\/wp-json\/wp\/v2\/users\/4"}],"replies":[{"embeddable":true,"href":"https:\/\/collegioimmacolata.it\/es\/wp-json\/wp\/v2\/comments?post=4511"}],"version-history":[{"count":14,"href":"https:\/\/collegioimmacolata.it\/es\/wp-json\/wp\/v2\/pages\/4511\/revisions"}],"predecessor-version":[{"id":4716,"href":"https:\/\/collegioimmacolata.it\/es\/wp-json\/wp\/v2\/pages\/4511\/revisions\/4716"}],"wp:featuredmedia":[{"embeddable":true,"href":"https:\/\/collegioimmacolata.it\/es\/wp-json\/wp\/v2\/media\/4449"}],"wp:attachment":[{"href":"https:\/\/collegioimmacolata.it\/es\/wp-json\/wp\/v2\/media?parent=4511"}],"curies":[{"name":"wp","href":"https:\/\/api.w.org\/{rel}","templated":true}]}}