{"id":4523,"date":"2015-07-06T12:24:59","date_gmt":"2015-07-06T10:24:59","guid":{"rendered":"https:\/\/collegioimmacolata.it\/oratorio-conegliano\/servizi-e-attivita\/"},"modified":"2020-08-05T14:33:39","modified_gmt":"2020-08-05T12:33:39","slug":"servizi-e-attivita","status":"publish","type":"page","link":"https:\/\/collegioimmacolata.it\/es\/oratorio-conegliano\/servizi-e-attivita\/","title":{"rendered":"Actividad del Oratorio"},"content":{"rendered":"<p>El <strong>centro de d\u00eda<\/strong>, conocido como <strong>Oratorio,<\/strong> obra del <a href=\"https:\/\/collegioimmacolata.it\/chi-siamo-scuola\/\" target=\"_blank\" rel=\"noopener noreferrer\">Colegio Inmaculada<\/a>, se inserta dentro del proyecto educativo de la obra y se ocupa, en modo particular, de las actividades de la tarde y del tiempo libre. El proyecto est\u00e1 inserto en la pluralidad cultural, abierto al mundo externo, valorizando la participaci\u00f3n de padres y teniendo particular atenci\u00f3n a las necesidades de formaci\u00f3n expuestas en el territorio. Este ambiente quiere ser un punto de referencia educativo para el territorio de Conegliano y alrededores, en particular para los j\u00f3venes, ayud\u00e1ndoles a crecer en un contexto positivo y de atenci\u00f3n a las personas, que estimula la confrontaci\u00f3n, el di\u00e1logo intercultural y el descubrimiento de s\u00ed mismo.<\/p>\n<p>El estilo dela presencia y de la acci\u00f3n educativa que se vive en el Oratorio, se inspira a los principios educativos vividos en el origen de la acci\u00f3n y del pensamiento de don Bosco, sobre la que las <a href=\"https:\/\/fmaitv.eu\" target=\"_blank\" rel=\"noopener noreferrer\">Hijas de Mar\u00eda Auxiliadora<\/a> quieren trabajar para responder, tambi\u00e9n hoy, a la variedad de pobrezas, intentando ofrecer una propuesta educativa que ayude a los j\u00f3venes a crecer para llegar, como propon\u00eda <strong>san Juan Bosco<\/strong> a sus j\u00f3venes, \u201c<em>buenos cristianos y honrados ciudadanos<\/em>\u201d.<\/p>\n<p>El Oratorio &#8211; Centro de d\u00eda \u00abPunto Acesible\u00bb ofrece una amplia gama de actividades y proyectos durante todo el a\u00f1o calendario. Est\u00e1 activo durante el <strong>per\u00edodo escolar<\/strong> en las franjas horarias de la tarde y la noche y durante el <strong>programa de verano de el Grest<\/strong>\u00a0(Durante un mes). En algunas otras actividades programadas, tambi\u00e9n permanecer\u00e1 abierto el fin de semana con horarios establecidos de acuerdo con las propuestas de capacitaci\u00f3n y recreaci\u00f3n.<\/p>\n<p><span style=\"text-decoration: underline;\"><strong>Las diversas actividades son las siguientes<\/strong><\/span>:<\/p>\n<p style=\"padding-left: 60px;\"><strong><span style=\"font-size: 20px;\">CAMPOS ESTIVO<\/span><br \/>\n<\/strong>Propuesta festiva ofertada a los j\u00f3venes de 5 a 14 a\u00f1os de Conegliano y del entorno con una duraci\u00f3n de cuatro semanas. Durante ese mes se propone actividades de varios tipo como por ejemplo taller de manualidades, art\u00edstico y de deporte, juegos y espect\u00e1culos para padres, la posibilidad de encontrarse cada d\u00eda para la Eucarist\u00eda. Los animadores, j\u00f3venes de bachillarato, inician a encontrarse en abril para formarse y trabajar para la realizaci\u00f3n concreta del campo festivo junto a las religiosas y a los educadores, que desde febrero inician a organizar la actividad.<\/p>\n<p style=\"padding-left: 60px;\"><strong><span style=\"font-size: 20px;\">STAY ALIVE<\/span><br \/>\n<\/strong>Camino para j\u00f3venes de 2\u00ba grado de secuandaria que desean formarse y actualizarse sobre los contenidos y la modalidad de la animaci\u00f3n cristiana. Es una propuesta del Equipo de Pastoral Juvenil Foraniale di Conegliano al cual el Oratorio, desde hace varios a\u00f1os, colabora en la realizaci\u00f3n del mismo. Esta formaci\u00f3n consta de cinco encuentros anuales que se realizan en una de las parroquias o realidad religiosa presentes en el territorio foraniale y son realizados para garantizar la formaci\u00f3n continua y as\u00ed poder profundizar todos los ambientes de este servicio.<\/p>\n<p style=\"padding-left: 60px;\"><strong><span style=\"font-size: 20px;\">TIEMPO LIBRE<\/span><br \/>\n<\/strong>Junto a las actividades m\u00e1s estructuradas est\u00e1 la posibilidad de experimentar unos grandes recursos en el Oratorio Salesiano: un patio che acoge y educa en los valores fundamentales para una positiva convivencia y permitir expresarse con la libertad de cada uno, con actividades de juego libres, talleres de expresi\u00f3n-manuales, participando e involucrando en una fiesta animada. El objetivo es aquel de proponer un modo constructivo de implicar el tiempo libre, suscitando diversos intereses: del lunes a viernes, de las 16.00 a las 18.15, el patio del oratorio est\u00e1 abierto a todos los j\u00f3venes de Conegliano y del entorno, que desean jugar, divertirse y aprender a estar juntos. Se trata de una actividad recreativa, de tiempo libre para el juego y otras actividades ligadas a la animaci\u00f3n de los ni\u00f1os de la Escuela Infantil a la Escuela de Secundaria. En este contexto est\u00e1n siempre presente los educadores y una o m\u00e1s FMA, que son aquellas que coordinan el oratorio. Junto a ellos, otra FMA y animadores voluntarios de estudios superiores o universitarios se intercambian para prestar un servicio de asistencia educativa y de animaci\u00f3n.<\/p>\n<p style=\"padding-left: 60px;\"><strong><span style=\"font-size: 20px;\">AULA DE ESTUDIO<\/span><br \/>\n<\/strong>Existen aulas a disposici\u00f3n de los j\u00f3venes de los estudios superiores o universitarios para poder estudiar y resolver su tarea. Esta iniciativa naci\u00f3 para poder ir al encuentro de las exigencias de aquellos he viven fuera de Conegliano pero estudian en esta ciudad., de aquellos que deben resolver trabajos de grupos o de aquellos que no disponen de un espacio adecuado para el estudio en su propia casa.<\/p>\n<p style=\"padding-left: 60px;\"><strong><span style=\"font-size: 20px;\">GRUPO FORMATIVOS \u2013 ADS<\/span><br \/>\n<\/strong>Los Amigos de Domingo Savio es una asociaci\u00f3n que se inspira en la Compa\u00f1\u00eda de la Inmaculada fundada por Domingo Savio en el Oratorio de don Bosco en Tur\u00edn. Los destinatarios de los grupos ADS son ni\u00f1os, adolescentes y j\u00f3venes de la tercera elemental en adelante; los encuentros se realizan en diversas fechas en base a la edad de los chicos. Los ADS buscan vivir la caridad cristiana y el servicio al pr\u00f3jimo a trav\u00e9s d ellos buenos ejemplos y la alegr\u00eda.<\/p>\n<p style=\"padding-left: 60px;\"><strong><span style=\"font-size: 20px;\">VOLUNTARIOS<\/span><br \/>\n<\/strong>Est\u00e1 la posibilidad de ofrecer a los j\u00f3venes de los estudios superiores poder prestar un servicio de voluntariado en nuestro Centro Socio Educativo de D\u00eda y en otras entidades del territorio (Las casas familias, las casas de reposo\u2026). Estas experiencias tienen como objetivo valorizar en los j\u00f3venes los valores de la solidaridad, de la gratitud y del bien com\u00fan.<\/p>\n<p style=\"padding-left: 60px;\"><strong><span style=\"font-size: 20px;\">FIESTA DE DON BOSCO Y FIESTAS VARIADAS<\/span><br \/>\n<\/strong>La fiesta de Don Bosco se realizan en uno de los lugares p\u00fablicos donde se encuentran los ciudadanos de Conegliano y en la que est\u00e1n inmersos toda la ciudad, en especial a aquellos que est\u00e1n unidos a la figura de Don Bosco, la cual festa transcurre el 31 de enero. Se trata de una tarde de juegos y de animaci\u00f3n preparada y gestionada por los j\u00f3venes del Oratorio y de aquellos que desean echar una mano. El d\u00eda se termina con la Eucarist\u00eda en una de las parroquias de la ciudad.<\/p>\n<p style=\"padding-left: 60px;\">Adem\u00e1s de esta fiesta, en el transcurso del a\u00f1o se organizan otros momentos de compartir y de jugar juntos, de forma especial en la fiesta de San Domingo Savio (6 de mayo), un joven que frecuentaba el oratorio de Don Bosco y un momento de fiesta al inicio del a\u00f1o pastoral y escolar. Se trata de ocasiones para encontrarse entre los j\u00f3venes y celebrar juntos la Eucarist\u00eda.<\/p>\n<p style=\"padding-left: 60px;\"><strong><span style=\"font-size: 20px;\">LIGHT ON (LUZ ENCENDIDA)<\/span><br \/>\n<\/strong>Son encuentros de oraci\u00f3n para j\u00f3venes de estudios secundarios de primer grado de la Forania de Conegliano organizado por la Comisi\u00f3n de Pastoral Juvenil de la Forania en el cual est\u00e1 presenta una FMA. El camino est\u00e1 estructurado en tres encuentros que se desarrollan durante el a\u00f1o. En sinton\u00eda con el camino de la Iglesia y de la Di\u00f3cesis, se desarrollan algunos temas a trav\u00e9s de los testimonios, de la Adoraci\u00f3n Eucar\u00edstica, una homil\u00eda sobre la Palabra de Dios del tema, las confesiones y un momento de convivencia.<\/p>\n<p style=\"padding-left: 60px;\"><strong><span style=\"font-size: 20px;\">ADORACI\u00d3N EUCAR\u00cdSTICA<\/span><br \/>\n<\/strong>Una vez terminada la Eucarist\u00eda, para aquellos que lo desean, se propone una hora en adoraci\u00f3n en la Capilla del Oratorio. Est\u00e1 la posibilidad de participar en la oraci\u00f3n personal en base a las exigencias y la posibilidad de cada uno mientras el Oratorio permanezca abierto para aquellos que quieren permanecer abierto para quienes quieren quedarse a rezar.<\/p>\n<p style=\"padding-left: 60px;\"><strong><span style=\"font-size: 20px;\">DEPORTE<\/span><br \/>\n<\/strong>La (PGS) Pastoral Juvenil Salesiana desarrollan la actividad de balonmano y de baloncesto en el campo socio-recreativo-deportivo para los atletas de los 4 a\u00f1os a los 13 a\u00f1os teniendo entrenadores con acreditaci\u00f3n F.I.P y F.I.P.A.V. y siguiendo la normativa CONI. Adem\u00e1s, se ofrece la posibilidad de participar en torneos y campeonatos organizados desde la Federaci\u00f3n Italiana.<\/p>\n<p style=\"padding-left: 60px;\"><strong><span style=\"font-size: 20px;\">EXPRESI\u00d3N DE DANZA<\/span><br \/>\n<\/strong>Es una asociaci\u00f3n deportiva que acompa\u00f1a el crecimiento de los j\u00f3venes desde los 3 a\u00f1os, proponiendo cursos de Juegos R\u00edmicos, danza cl\u00e1sica, moderna-jazz, contempor\u00e1nea, musical y canto. El objetivo es volver a formar a los alumnos y que puedan descubrir la competencia de cada uno para la expresi\u00f3n art\u00edstica. Contamos con ense\u00f1antes cualificado y se llevan acabo los estudios de danza y de canto seg\u00fan el m\u00e9todo reconocido a nivel europeo que permiten el desarrollo de ex\u00e1menes y certificados.<\/p>\n<p style=\"padding-left: 60px;\"><span style=\"font-size: 20px;\"><strong>COMEDOR<br \/>\n<\/strong><\/span>Tambi\u00e9n tenemos la posibilidad del servicio de comedor para aquellos que les es imposible volver a casa despu\u00e9s de la escuela o , en los periodos de vacaciones, durante el descanso para el almuerzo. Estos servicios responde en particular a las exigencias de los padres que est\u00e1n trabajando.<\/p>\n<p style=\"padding-left: 60px;\"><strong>\u00a0<\/strong><strong>\u00a0<\/strong><\/p>\n<p><strong><span style=\"font-size: 20px;\">TIEMPOS<\/span><br \/>\n<\/strong>Durante el periodo escolar de lunes a viernes, el horario del Centro Socio Educativo de D\u00eda, es el siguiente:<\/p>\n<table width=\"513\">\n<tbody>\n<tr>\n<td colspan=\"2\" width=\"244\"><strong>ESCUELA PRIMARIA<\/strong><\/td>\n<td colspan=\"2\" width=\"269\"><strong>ESCUELA SECUNDARIA DE PRMER GRADO<\/strong><\/td>\n<\/tr>\n<tr>\n<td width=\"71\"><strong>13.00<\/strong><\/td>\n<td width=\"173\">comedor para aquellos que no pueden proveer diversamente<\/td>\n<td width=\"92\"><strong>13.40<\/strong><\/td>\n<td width=\"177\">comedor para aquellos que no pueden proveer diversamente<\/td>\n<\/tr>\n<tr>\n<td width=\"71\"><strong>13.30-14.00<\/strong><\/td>\n<td width=\"173\">tiempo libre de juegos en el patio<\/td>\n<td width=\"92\"><strong>14.00-14.30<\/strong><\/td>\n<td width=\"177\">tiempo libre de juegos en el patio<\/td>\n<\/tr>\n<tr>\n<td width=\"71\"><strong>14.00-16.00<\/strong><\/td>\n<td width=\"173\">estudio<\/td>\n<td width=\"92\"><strong>14.30-16.30<\/strong><\/td>\n<td width=\"177\">estudio<\/td>\n<\/tr>\n<tr>\n<td width=\"71\"><strong>Hasta las 18.15<\/strong><\/td>\n<td width=\"173\">tiempo libre de juegos y de otras actividades organizadas.<\/td>\n<td width=\"92\"><strong>Hasta las 18.15<\/strong><\/td>\n<td width=\"177\">tiempo libre de juegos y de otras actividades organizadas.<\/td>\n<\/tr>\n<tr>\n<td width=\"71\"><strong>\u00a0<\/strong><\/td>\n<td width=\"173\"><\/td>\n<td width=\"92\"><strong>\u00a0<\/strong><\/td>\n<td width=\"177\"><\/td>\n<\/tr>\n<\/tbody>\n<\/table>\n<p>Las actividades propuestas para los <strong>j\u00f3venes de estudios universitarios<\/strong> y universitarios, se desarrollan seg\u00fan los d\u00edas y los horarios establecidos seg\u00fan las exigencias de los destinatarios: en algunos d\u00edas de la semana podr\u00e1n ser destinados a actividades de formaci\u00f3n, de grupos o de recreaci\u00f3n, tambi\u00e9n en horario de tarde-noche.<\/p>\n<p>Durante el periodo de vacacionens, de lunes a viernes por la duraci\u00f3n de un mes, los horarios del Centro Socio Educativo de D\u00eda, ser\u00e1 el siguiente:<\/p>\n<table width=\"520\">\n<tbody>\n<tr>\n<td width=\"99\">08.00 *<\/td>\n<td width=\"421\">Apertura del Oratorio<\/td>\n<\/tr>\n<tr>\n<td width=\"99\">09:00<\/td>\n<td width=\"421\">Acogida, animaci\u00f3n y oraci\u00f1on<\/td>\n<\/tr>\n<tr>\n<td width=\"99\">09:50<\/td>\n<td width=\"421\">Primer taller<\/td>\n<\/tr>\n<tr>\n<td width=\"99\">10:40\/11:10<\/td>\n<td width=\"421\">Descanso<\/td>\n<\/tr>\n<tr>\n<td width=\"99\">11:10<\/td>\n<td width=\"421\">Segundo taller<\/td>\n<\/tr>\n<tr>\n<td width=\"99\">12:00<\/td>\n<td width=\"421\">Fin de la actividad<\/td>\n<\/tr>\n<tr>\n<td width=\"99\">13.00<\/td>\n<td width=\"421\">Cierre del Oratorio<\/td>\n<\/tr>\n<tr>\n<td width=\"99\">14.30<\/td>\n<td width=\"421\">Apertura del Oratorio<\/td>\n<\/tr>\n<tr>\n<td width=\"99\">15:00<\/td>\n<td width=\"421\">Acogida<\/td>\n<\/tr>\n<tr>\n<td width=\"99\">15:15<\/td>\n<td width=\"421\">Juegos y actividades de equipo<\/td>\n<\/tr>\n<tr>\n<td width=\"99\">16:10\/16:30<\/td>\n<td width=\"421\">Descanso<\/td>\n<\/tr>\n<tr>\n<td width=\"99\">16:30<\/td>\n<td width=\"421\">JUEGO GRANDE\/ TORNEO<\/td>\n<\/tr>\n<tr>\n<td width=\"99\">17.15-17.30 *<\/td>\n<td width=\"421\">Conclusi\u00f3n (Oraci\u00f3n y avisos)<\/td>\n<\/tr>\n<tr>\n<td width=\"99\">18.30<\/td>\n<td width=\"421\">Eucarist\u00eda para quien lo desea<\/td>\n<\/tr>\n<\/tbody>\n<\/table>\n<p>* Por exigencias de trabajo de los padres y con un previo acuerdo con los responsables del campamento de verano, la <strong>llegada<\/strong> puede ser <strong>a las 07.30<\/strong> y la <strong>salida<\/strong> <strong>a las 18.15<\/strong>.<\/p>\n<p>En algunas jornadas establecidas los destinatarios estar\u00e1 la posibilidad de participar a peque\u00f1as salidas formativas y recreativas, en modo particular los viernes ser\u00e1 el d\u00eda de las excursiones. Adem\u00e1s se ofertar\u00e1n algunas actividades durante la tarde destinadas a los animadores y alas familias de los j\u00f3venes que participan en le Campamento de Verano.<\/p>\n<p>Durante el mes de mayo, se comunicar\u00e1 el calendario definitivo y detallado los d\u00edas del campamento de verano junto a los talleres, a las excursiones y a las diversas propuestas recreativas y formativas.<\/p>\n<p><span style=\"font-size: 20px;\"><strong>TRABAJADORES<br \/>\n<\/strong><\/span>El servicio est\u00e1 gestionado por un equipo compuesto por:<\/p>\n<ul>\n<li>Tres coordinadoras responsables FMA y algunas religiosas que ayudas;<\/li>\n<li>Educadores voluntarios del Servicio Civil Nacional y Regional;<\/li>\n<li>Adultos voluntarios (Ej. Padres, abuelos\u2026)<\/li>\n<li>J\u00f3venes voluntarios que frecuentan la Escuela Secundaria de Segundo Grado y Universidad.<\/li>\n<\/ul>\n<p>Para todos estos trabajadores se propondr\u00e1n, al inicio del curso escolar, encuentros de formaci\u00f3n con el objetivo de plantear los objetivos y modalidad de eficacia del trabajo con los destinatarios y de desarrollar o consolidar un estilo educativo inspirado en el Sistema Preventivo de don Bosco.<\/p>\n<p><span style=\"font-size: 20px;\"><strong>COSTES<br \/>\n<\/strong><\/span><\/p>\n<p>Para la participaci\u00f3n en el horario durante el a\u00f1o escolar, habr\u00e1 una cuota de inscripci\u00f3n, que se comunicar\u00e1 al inicio del a\u00f1o, que comprende la cobertura de seguro.<\/p>\n<p>Para el Campamento de Verano, se pide una cuota de inscripci\u00f3n y la aportaci\u00f3n para la frecuencia, dividido seg\u00fan el tiempo de servicio. (Se tendr\u00e1 en consideraci\u00f3n la situaciones econ\u00f3micas d ellos destinatarios y el del n\u00facleo familiar, individuando los criterios objetivos para su aplicaci\u00f3n).<\/p>\n<p>Para la organizaci\u00f3n se especifica las actividades integrales al Centro (salidas, participaciones a los eventos, etc\u2026) se podr\u00e1 pedir otra aportaciones para la participaci\u00f3n a estas.<\/p>\n<p>Para las actividades deportivas, las diversas asociaciones se ocupan de los pagos e inscripciones.<\/p>\n<p>Los fondos recogidos estar\u00e1n gestionados con los criterios de mayor transparencia y de atenci\u00f3n a las necesidades reales de los j\u00f3venes.<\/p>\n","protected":false},"excerpt":{"rendered":"El centro de d\u00eda, conocido como Oratorio, obra del Colegio Inmaculada, se inserta dentro del proyecto educativo de&#8230;","protected":false},"author":4,"featured_media":0,"parent":4517,"menu_order":0,"comment_status":"closed","ping_status":"closed","template":"page-template_statico.php","meta":[],"yoast_head":"<!-- This site is optimized with the Yoast SEO plugin v20.12 - https:\/\/yoast.com\/wordpress\/plugins\/seo\/ -->\n<title>Actividad del Oratorio - Collegio Immacolata Conegliano<\/title>\n<meta name=\"robots\" content=\"index, follow, max-snippet:-1, max-image-preview:large, max-video-preview:-1\" \/>\n<link rel=\"canonical\" href=\"https:\/\/collegioimmacolata.it\/es\/oratorio-conegliano\/servizi-e-attivita\/\" \/>\n<meta property=\"og:locale\" content=\"es_ES\" \/>\n<meta property=\"og:type\" content=\"article\" \/>\n<meta property=\"og:title\" content=\"Actividad del Oratorio - Collegio Immacolata Conegliano\" \/>\n<meta property=\"og:description\" content=\"El centro de d\u00eda, conocido como Oratorio, obra del Colegio Inmaculada, se inserta dentro del proyecto educativo de...\" \/>\n<meta property=\"og:url\" content=\"https:\/\/collegioimmacolata.it\/es\/oratorio-conegliano\/servizi-e-attivita\/\" \/>\n<meta property=\"og:site_name\" content=\"Collegio Immacolata Conegliano\" \/>\n<meta property=\"article:publisher\" content=\"https:\/\/www.facebook.com\/CollegioImmacolata\/\" \/>\n<meta property=\"article:modified_time\" content=\"2020-08-05T12:33:39+00:00\" \/>\n<meta name=\"twitter:card\" content=\"summary_large_image\" \/>\n<meta name=\"twitter:label1\" content=\"Tiempo de lectura\" \/>\n\t<meta name=\"twitter:data1\" content=\"10 minutos\" \/>\n<script type=\"application\/ld+json\" class=\"yoast-schema-graph\">{\"@context\":\"https:\/\/schema.org\",\"@graph\":[{\"@type\":\"WebPage\",\"@id\":\"https:\/\/collegioimmacolata.it\/es\/oratorio-conegliano\/servizi-e-attivita\/\",\"url\":\"https:\/\/collegioimmacolata.it\/es\/oratorio-conegliano\/servizi-e-attivita\/\",\"name\":\"Actividad del Oratorio - Collegio Immacolata Conegliano\",\"isPartOf\":{\"@id\":\"https:\/\/collegioimmacolata.it\/es\/#website\"},\"datePublished\":\"2015-07-06T10:24:59+00:00\",\"dateModified\":\"2020-08-05T12:33:39+00:00\",\"breadcrumb\":{\"@id\":\"https:\/\/collegioimmacolata.it\/es\/oratorio-conegliano\/servizi-e-attivita\/#breadcrumb\"},\"inLanguage\":\"es\",\"potentialAction\":[{\"@type\":\"ReadAction\",\"target\":[\"https:\/\/collegioimmacolata.it\/es\/oratorio-conegliano\/servizi-e-attivita\/\"]}]},{\"@type\":\"BreadcrumbList\",\"@id\":\"https:\/\/collegioimmacolata.it\/es\/oratorio-conegliano\/servizi-e-attivita\/#breadcrumb\",\"itemListElement\":[{\"@type\":\"ListItem\",\"position\":1,\"name\":\"Home\",\"item\":\"https:\/\/collegioimmacolata.it\/es\/\"},{\"@type\":\"ListItem\",\"position\":2,\"name\":\"Oratorio\",\"item\":\"https:\/\/collegioimmacolata.it\/es\/oratorio-conegliano\/\"},{\"@type\":\"ListItem\",\"position\":3,\"name\":\"Actividad del Oratorio\"}]},{\"@type\":\"WebSite\",\"@id\":\"https:\/\/collegioimmacolata.it\/es\/#website\",\"url\":\"https:\/\/collegioimmacolata.it\/es\/\",\"name\":\"Collegio Immacolata Conegliano\",\"description\":\"Dal 1897 Scuola leader nell&#039;educazione di bambini e ragazzi, basata sulla pedagogia delle suore Salesiane offre percorsi innovativi e attenti alla persona\",\"publisher\":{\"@id\":\"https:\/\/collegioimmacolata.it\/es\/#organization\"},\"potentialAction\":[{\"@type\":\"SearchAction\",\"target\":{\"@type\":\"EntryPoint\",\"urlTemplate\":\"https:\/\/collegioimmacolata.it\/es\/?s={search_term_string}\"},\"query-input\":\"required name=search_term_string\"}],\"inLanguage\":\"es\"},{\"@type\":\"Organization\",\"@id\":\"https:\/\/collegioimmacolata.it\/es\/#organization\",\"name\":\"Collegio Immacolata Conegliano\",\"url\":\"https:\/\/collegioimmacolata.it\/es\/\",\"logo\":{\"@type\":\"ImageObject\",\"inLanguage\":\"es\",\"@id\":\"https:\/\/collegioimmacolata.it\/es\/#\/schema\/logo\/image\/\",\"url\":\"https:\/\/collegioimmacolata.it\/wp-content\/uploads\/2015\/08\/Favicon.jpg\",\"contentUrl\":\"https:\/\/collegioimmacolata.it\/wp-content\/uploads\/2015\/08\/Favicon.jpg\",\"width\":93,\"height\":93,\"caption\":\"Collegio Immacolata Conegliano\"},\"image\":{\"@id\":\"https:\/\/collegioimmacolata.it\/es\/#\/schema\/logo\/image\/\"},\"sameAs\":[\"https:\/\/www.facebook.com\/CollegioImmacolata\/\",\"https:\/\/www.youtube.com\/channel\/UCanScckbpzSY91ETQwAEmVw\"]}]}<\/script>\n<!-- \/ Yoast SEO plugin. -->","yoast_head_json":{"title":"Actividad del Oratorio - Collegio Immacolata Conegliano","robots":{"index":"index","follow":"follow","max-snippet":"max-snippet:-1","max-image-preview":"max-image-preview:large","max-video-preview":"max-video-preview:-1"},"canonical":"https:\/\/collegioimmacolata.it\/es\/oratorio-conegliano\/servizi-e-attivita\/","og_locale":"es_ES","og_type":"article","og_title":"Actividad del Oratorio - Collegio Immacolata Conegliano","og_description":"El centro de d\u00eda, conocido como Oratorio, obra del Colegio Inmaculada, se inserta dentro del proyecto educativo de...","og_url":"https:\/\/collegioimmacolata.it\/es\/oratorio-conegliano\/servizi-e-attivita\/","og_site_name":"Collegio Immacolata Conegliano","article_publisher":"https:\/\/www.facebook.com\/CollegioImmacolata\/","article_modified_time":"2020-08-05T12:33:39+00:00","twitter_card":"summary_large_image","twitter_misc":{"Tiempo de lectura":"10 minutos"},"schema":{"@context":"https:\/\/schema.org","@graph":[{"@type":"WebPage","@id":"https:\/\/collegioimmacolata.it\/es\/oratorio-conegliano\/servizi-e-attivita\/","url":"https:\/\/collegioimmacolata.it\/es\/oratorio-conegliano\/servizi-e-attivita\/","name":"Actividad del Oratorio - Collegio Immacolata Conegliano","isPartOf":{"@id":"https:\/\/collegioimmacolata.it\/es\/#website"},"datePublished":"2015-07-06T10:24:59+00:00","dateModified":"2020-08-05T12:33:39+00:00","breadcrumb":{"@id":"https:\/\/collegioimmacolata.it\/es\/oratorio-conegliano\/servizi-e-attivita\/#breadcrumb"},"inLanguage":"es","potentialAction":[{"@type":"ReadAction","target":["https:\/\/collegioimmacolata.it\/es\/oratorio-conegliano\/servizi-e-attivita\/"]}]},{"@type":"BreadcrumbList","@id":"https:\/\/collegioimmacolata.it\/es\/oratorio-conegliano\/servizi-e-attivita\/#breadcrumb","itemListElement":[{"@type":"ListItem","position":1,"name":"Home","item":"https:\/\/collegioimmacolata.it\/es\/"},{"@type":"ListItem","position":2,"name":"Oratorio","item":"https:\/\/collegioimmacolata.it\/es\/oratorio-conegliano\/"},{"@type":"ListItem","position":3,"name":"Actividad del Oratorio"}]},{"@type":"WebSite","@id":"https:\/\/collegioimmacolata.it\/es\/#website","url":"https:\/\/collegioimmacolata.it\/es\/","name":"Collegio Immacolata Conegliano","description":"Dal 1897 Scuola leader nell&#039;educazione di bambini e ragazzi, basata sulla pedagogia delle suore Salesiane offre percorsi innovativi e attenti alla persona","publisher":{"@id":"https:\/\/collegioimmacolata.it\/es\/#organization"},"potentialAction":[{"@type":"SearchAction","target":{"@type":"EntryPoint","urlTemplate":"https:\/\/collegioimmacolata.it\/es\/?s={search_term_string}"},"query-input":"required name=search_term_string"}],"inLanguage":"es"},{"@type":"Organization","@id":"https:\/\/collegioimmacolata.it\/es\/#organization","name":"Collegio Immacolata Conegliano","url":"https:\/\/collegioimmacolata.it\/es\/","logo":{"@type":"ImageObject","inLanguage":"es","@id":"https:\/\/collegioimmacolata.it\/es\/#\/schema\/logo\/image\/","url":"https:\/\/collegioimmacolata.it\/wp-content\/uploads\/2015\/08\/Favicon.jpg","contentUrl":"https:\/\/collegioimmacolata.it\/wp-content\/uploads\/2015\/08\/Favicon.jpg","width":93,"height":93,"caption":"Collegio Immacolata Conegliano"},"image":{"@id":"https:\/\/collegioimmacolata.it\/es\/#\/schema\/logo\/image\/"},"sameAs":["https:\/\/www.facebook.com\/CollegioImmacolata\/","https:\/\/www.youtube.com\/channel\/UCanScckbpzSY91ETQwAEmVw"]}]}},"_links":{"self":[{"href":"https:\/\/collegioimmacolata.it\/es\/wp-json\/wp\/v2\/pages\/4523"}],"collection":[{"href":"https:\/\/collegioimmacolata.it\/es\/wp-json\/wp\/v2\/pages"}],"about":[{"href":"https:\/\/collegioimmacolata.it\/es\/wp-json\/wp\/v2\/types\/page"}],"author":[{"embeddable":true,"href":"https:\/\/collegioimmacolata.it\/es\/wp-json\/wp\/v2\/users\/4"}],"replies":[{"embeddable":true,"href":"https:\/\/collegioimmacolata.it\/es\/wp-json\/wp\/v2\/comments?post=4523"}],"version-history":[{"count":19,"href":"https:\/\/collegioimmacolata.it\/es\/wp-json\/wp\/v2\/pages\/4523\/revisions"}],"predecessor-version":[{"id":4871,"href":"https:\/\/collegioimmacolata.it\/es\/wp-json\/wp\/v2\/pages\/4523\/revisions\/4871"}],"up":[{"embeddable":true,"href":"https:\/\/collegioimmacolata.it\/es\/wp-json\/wp\/v2\/pages\/4517"}],"wp:attachment":[{"href":"https:\/\/collegioimmacolata.it\/es\/wp-json\/wp\/v2\/media?parent=4523"}],"curies":[{"name":"wp","href":"https:\/\/api.w.org\/{rel}","templated":true}]}}