{"id":4532,"date":"2019-03-19T19:46:41","date_gmt":"2019-03-19T18:46:41","guid":{"rendered":"https:\/\/collegioimmacolata.it\/privacy-policy\/"},"modified":"2019-03-19T19:46:41","modified_gmt":"2019-03-19T18:46:41","slug":"privacy-policy","status":"publish","type":"page","link":"https:\/\/collegioimmacolata.it\/es\/privacy-policy\/","title":{"rendered":"Privacy Policy"},"content":{"rendered":"<p><span style=\"font-size: 16px;\">Questa \u00e8 una informativa resa ai sensi dell&#8217; art. 13 del Reg. UE 2016\/679 (Regolamento Europeo per la protezione dei dati personali)\u00a0nel rispetto anche di previsto dalla Direttiva 2002\/58\/CE, come aggiornata dalla\u00a0Direttiva 2009\/136\/CE, in materia di Cookies nonch\u00e9 a quanto previsto dal Provvedimento dell\u2019Autorit\u00e0 Garante per la protezione dei dati personali del 08.05.2014 in materia di cookies. Per maggiori informazioni sui cookies utilizzati si veda lacookies policy.<\/span><\/p>\n<p><span style=\"font-size: 36px;\"><b>1. TITOLARE DEL TRATTAMENTO<br \/>\n<\/b><\/span><span style=\"text-align: justify;\">Il presente sito web <\/span><a style=\"text-align: justify;\" href=\"http:\/\/www.collegioimmacolata.it\" target=\"_blank\" rel=\"noopener noreferrer\">www.collegioimmacolata.it<\/a><span style=\"text-align: justify;\"> \u00e8 di propriet\u00e0 del Collegio Immacolata delle SDB P.I. 00503520264, con sede legale in Conegliano (TV), via Madonna 20<\/span><\/p>\n<p style=\"text-align: justify;\"><span style=\"font-size: 16px;\">****<\/span><br \/>\n<span style=\"font-size: 16px;\">In coerenza con la propria missione e i propri valori il <strong>Collegio Immacolata delle SDB<\/strong>, si impegna a proteggere i dati personali di ogni persona nel rispetto dell\u2019identit\u00e0, della dignit\u00e0 di ogni essere umano e delle libert\u00e0 fondamentali costituzionalmente garantite nel rispetto del Regolamento Europeo 2016\/679 (\u201cGDPR\u201d) relativo alla protezione delle persone fisiche con riguardo al trattamento dei dati personali nonch\u00e9 alla libera circolazione di tali dati (\u201cDati Personali\u201d).<\/span><\/p>\n<p style=\"text-align: justify;\"><strong><span style=\"font-size: 36px;\">2. TIPOLOGIA DI DATI TRATTATI<br \/>\n<\/span><\/strong><strong style=\"font-size: 16px;\">a. Dati di navigazione<br \/>\n<\/strong><span style=\"font-size: 16px;\">I sistemi informatici e le procedure preposte al funzionamento del Sito acquisiscono, nel corso della consultazione del Sito medesimo, alcuni dati personali la cui trasmissione \u00e8 implicita nell\u2019uso dei protocolli di comunicazione internet. Si tratta di informazioni che non sono raccolte per essere associate a ciascun fruitore dei servizi, ma che per la loro natura potrebbero, attraverso elaborazioni ed incroci con altri dati, permettere di identificare gli utenti. In questa categoria di dati sono ricompresi gli indirizzi IP o i domain names dei computer utilizzati dagli utenti che si connettono al Sito, gli indirizzi URL delle risorse richieste, l\u2019orario della richiesta, la dimensione del file ottenuto dal server, il codice numerico indicante lo stato della risposta data dal server ed ulteriori parametri quali il sistema operativo e l\u2019ambiente informatico dell\u2019utente.<\/span><\/p>\n<p style=\"text-align: justify;\"><strong><span style=\"font-size: 16px;\">b. Dati di contatto forniti dall\u2019Utente<br \/>\n<\/span><\/strong><span style=\"font-size: 16px;\">Il conferimento dei dati personali da parte dell\u2019utente \u00e8 facoltativo, ma esso \u00e8 necessario affinch\u00e9 il Titolare del trattamento possa soddisfare le esigenze dell&#8217;utente nell&#8217;ambito delle funzionalit\u00e0 del Sito. In tutti i casi, prima di procedere all\u2019attivazione di un determinato servizio, sar\u00e0 fornita nelle pagine relative ai singoli servizi offerti, idonea informativa e, ove necessario, sar\u00e0 acquisito il relativo consenso alla raccolta e al trattamento dei dati personali. Il mancato, parziale o inesatto conferimento dei dati personali, in quanto necessari per l&#8217;esecuzione della prestazione richiesta (contrassegnati con *) non rende possibile tale esecuzione; mentre il mancato, parziale o inesatto conferimento dei dati personali facoltativi non necessari, non comporta alcuna conseguenza.<\/span><\/p>\n<p><span style=\"font-size: xx-large;\"><b>3. INTERAZIONI E LE INFORMAZIONI ACQUISITE TRAMITE SOCIAL NETWORK E PIATTAFORME ESTERNE<br \/>\n<\/b><\/span>Nel caso in cui vi sia installato un servizio di interazione con i social network, \u00e8 possibile che, anche nel caso gli utenti non utilizzino il servizio, che lo stesso raccolga dati di traffico relativi alle pagine in cui \u00e8 installato.<\/p>\n<p><span style=\"font-size: 16px;\">Per farci conoscere meglio utilizziamo i social plugin dei social network Facebook, LinkedIn e Google+ sul nostro sito web ai sensi dell&#8217;art. 6 c. 1 let. f GDPR. Lo scopo pubblicitario sottostante deve essere considerato un interesse legittimo ai sensi del GDPR. La responsabilit\u00e0 per un funzionamento conforme alla protezione dei dati deve essere garantita dal rispettivo fornitore.<\/span><\/p>\n<p><strong><span style=\"font-size: 16px;\">Pulsante +1 e widget sociali di Google+ (Google Inc.)<\/span><\/strong><br \/>\n<span style=\"font-size: 16px;\">Il pulsante +1 e i widget sociali di Google+ sono servizi di interazione con il social network Google+,<\/span><br \/>\n<span style=\"font-size: 16px;\">forniti da Google Inc.<\/span><br \/>\n<span style=\"font-size: 16px;\">Dati Personali raccolti: Cookie e Dati di Utilizzo.<\/span><br \/>\n<span style=\"font-size: 16px;\">Luogo del trattamento: USA \u2013\u00a0Privacy Policy<\/span><\/p>\n<p><strong><span style=\"font-size: 16px;\">Pulsante Mi Piace e widget sociali di Facebook (Facebook, Inc.)<\/span><\/strong><br \/>\n<span style=\"font-size: 16px;\">Il pulsante \u201cMi Piace\u201d e i widget sociali di Facebook sono servizi di interazione con il social network<\/span><br \/>\n<span style=\"font-size: 16px;\">Facebook, forniti da Facebook, Inc.<\/span><br \/>\n<span style=\"font-size: 16px;\">Dati Personali raccolti: Cookie e Dati di Utilizzo.<\/span><br \/>\n<span style=\"font-size: 16px;\">Luogo del trattamento: USA \u2013\u00a0Privacy Policy<\/span><\/p>\n<p><strong><span style=\"font-size: 16px;\">Pulsante LinkedIn e widget sociali di LinkedIn (LinkedIn, Inc.)<\/span><\/strong><br \/>\n<span style=\"font-size: 16px;\">Il pulsante LinkedIne i widget sociali di LinkedInsono servizi di interazione con il social network LinkedIn, forniti da LinkedIn, Inc.<\/span><br \/>\n<span style=\"font-size: 16px;\">Dati Personali raccolti: Cookie e Dati di Utilizzo.<\/span><br \/>\n<span style=\"font-size: 16px;\">Luogo del trattamento: USA \u2013\u00a0Privacy Policy<\/span><br \/>\n<span style=\"font-size: 16px;\">L&#8217;integrazione di questi plug-in da parte nostra avviene con il cosiddetto metodo a due clic.<\/span><\/p>\n<p><span style=\"font-size: 36px;\"><b>4. FINALIT\u00c0 DEL TRATTAMENTO E BASI GIURIDICHE DEL TRATTAMENTO<br \/>\n<\/b><\/span><span style=\"text-align: justify;\">I dati di natura personale forniti saranno trattati, nel rispetto delle condizioni di liceit\u00e0 ex art. 6 del Reg. UE 2016\/679, per le seguenti finalit\u00e0:<\/span><\/p>\n<ul>\n<li style=\"text-align: justify;\"><span style=\"font-size: 16px;\">i dati di navigazione degli utenti verranno utilizzati al solo fine di ottenere informazioni statistiche sull\u2019utilizzo del Sito &#8211; legittimo interesse, quale base giuridica del trattamento;<\/span><\/li>\n<li style=\"text-align: justify;\"><span style=\"font-size: 16px;\">eventuale richiesta di contatto, con invio di informazioni richieste dagli utenti \u2013\u00a0legittimo interesse, quale base giuridica del trattamento;<\/span><\/li>\n<li style=\"text-align: justify;\"><span style=\"font-size: 16px;\">previo consenso e fino a sua revoca: per attivit\u00e0 promozionali del Titolare, newsletter, ricerche di mercato o altre ricerche e vendita diretta per ricevere &#8211; tramite mezzi automatizzati posta elettronica, telefax, messaggi del tipo Mms (Multimedia Messaging Service) o Sms (Short Message Service) o di altro tipo, nonch\u00e9 mediante telefonate tramite operatore e della posta cartacea &#8211; materiale informativo, per la rilevazione del grado di soddisfazione, materiale promozionale, commerciale e pubblicitario o inerente eventi ed iniziative, da parte del Titolare \u2013\u00a0il consenso\u00a0\u00e8 la base giuridica del trattamento.<\/span><\/li>\n<\/ul>\n<p><span style=\"font-size: 36px;\"><b>5. SICUREZZA DEI DATI<br \/>\n<\/b><\/span>Utilizziamo il metodo SSL (Secure Socket Layer) in combinazione con il pi\u00f9 alto livello di crittografia supportato dal browser. Di solito si tratta di una crittografia a 256 bit. Se il browser non supporta la crittografia a 256 bit, utilizziamo invece la tecnologia v3 a 128 bit. Se una singola pagina del nostro sito web viene trasmessa in forma crittografata viene indicata dalla visualizzazione chiusa del simbolo della chiave o del lucchetto nella barra di stato inferiore del browser. Utilizziamo inoltre adeguate misure di sicurezza tecniche e organizzative per proteggere i Suoi dati personali da manipolazioni accidentali o intenzionali, perdita parziale o totale, distruzione o accesso non autorizzato da parte di terzi. Le nostre misure di sicurezza vengono continuamente migliorate in linea con gli sviluppi tecnologici.<\/p>\n<p><span style=\"font-size: 36px;\"><b>6. DECISIONI AUTOMATIZZATE<br \/>\n<\/b><\/span><span style=\"text-align: justify;\">Il Titolare del Trattamento dichiara di non adottare decisioni automatizzate suscettibili a influenzare l\u2019Interessato. Tutti i processi decisionali associati alle finalit\u00e0 del trattamento sopra descritte si eseguono con l\u2019intervento umano.<\/span><\/p>\n<p><span style=\"font-size: 36px;\"><b>7. MODALIT\u00c0 DEL TRATTAMENTO<br \/>\n<\/b><\/span><span style=\"text-align: justify;\">I dati personali sono trattati con strumenti automatizzati per il tempo strettamente necessario a conseguire gli scopi per cui sono stati raccolti. Specifiche misure di sicurezza sono osservate per prevenire la perdita dei dati, usi illeciti o non corretti ed accessi non autorizzati.<\/span><\/p>\n<p><span style=\"font-size: 36px;\"><b>8. CHI TRATTA I DATI PERSONALI E A CHI VENGONO COMUNICATI<br \/>\n<\/b><\/span><span style=\"text-align: justify;\">I dati personali trattati saranno conosciuti esclusivamente dai soggetti espressamente a ci\u00f2 espressamente autorizzati dal titolare ovvero potranno essere condivisi con destinatari, che tratteranno i dati in qualit\u00e0 di responsabili o titolari autonomi del trattamento. Precisamente, i dati saranno condivisi con:<\/span><\/p>\n<p style=\"text-align: justify;\"><span style=\"font-size: 16px;\">soggetti che forniscono servizi per la gestione del sistema informativo e delle reti di telecomunicazioni, ivi compresa la posta elettronica, newsletter e che si occupano della gestione del Sito usato dal Titolare del trattamento- studi o societ\u00e0 nell&#8217;ambito di rapporti di assistenza e consulenza; terzi che collaborano con il Titolare del trattamento per attivit\u00e0 di marketing diretto; autorit\u00e0 competenti per adempimenti di obblighi di leggi e\/o di disposizioni di organi pubblici.<\/span><\/p>\n<p><span style=\"font-size: 36px;\"><b>9. TRASFERIMENTI INTERNAZIONALI DI DATI PERSONALI<br \/>\n<\/b><\/span><span style=\"text-align: justify;\">I dati personali di regola non saranno trasferiti in Paesi non appartenenti all\u2019Unione Europea Qualora vi fosse la necessit\u00e0 di trasferirli in un paese extra UE i dati saranno trasferiti verso paesi terzi organizzazioni internazionali per cui la Commissione Europea \u00e8 intervenuta con una valutazione di adeguatezza (art. 45 Reg. UE 2016\/679).<\/span><\/p>\n<p><span style=\"font-size: 36px;\"><b>10. PERIODO DI CONSERVAZIONE<br \/>\n<\/b><\/span><span style=\"text-align: justify;\">I dati personali raccolti verranno conservati in una forma che consenta l\u2019identificazione degli interessati per un arco di tempo non superiore al conseguimento delle finalit\u00e0 per le quali i dati personali sono trattati. In particolare per la conservazione dei dati di natura personale forniti dipende dalla finalit\u00e0 del trattamento:<\/span><\/p>\n<ul style=\"text-align: justify;\">\n<li><span style=\"font-size: 16px;\">navigazione sul Sito (si veda la cookies policy);<\/span><\/li>\n<li><span style=\"font-size: 16px;\">per richiesta di contatto, la ricezione newsletter o comunicazioni promozionali in genere via e-mail il periodo di conservazione sar\u00e0 di ventiquattro (24) mesi,<\/span><\/li>\n<li><span style=\"font-size: 16px;\">salvo diverso periodo previsto nelle informative specifiche.<\/span><\/li>\n<\/ul>\n<p style=\"text-align: justify;\"><span style=\"font-size: 36px;\"><b>11. \u00a0DIRITTI INTERESSATO<br \/>\n<\/b><\/span>Lei ha il diritto, in qualunque momento, di chiedere al Titolare del trattamento ovvero al DPO, l\u2019accesso ai Suoi dati personali (art. 15), la rettifica (art. 16) o la cancellazione (art. 17) degli stessi, o la limitazione del trattamento (art 18) o di opporsi al loro trattamento basato sul legittimo interesse (art. 21) ovvero alla portabilit\u00e0 dei Suoi dati (art. 20) e di proporre reclamo a un\u2019autorit\u00e0 di controllo (art. 77).<\/p>\n<p style=\"text-align: justify;\"><span style=\"font-size: 16px;\">La informiamo che ha il diritto di revocare il consenso al trattamento dei Suoi dati in qualsiasi momento, senza pregiudicare la liceit\u00e0 del trattamento basata sul consenso prestato prima della revoca (artt. 6 e 9)<\/span><br \/>\n<span style=\"font-size: 16px;\">Nel caso di richiesta di portabilit\u00e0 del dato il Titolare del trattamento Le fornir\u00e0 in formato strutturato, di uso comune e leggibile, da dispositivo automatico i dati personali che La riguardano, fatto salvo i commi 3 e 4 dell\u2019art. 20 del GDPR.<\/span><\/p>\n<p><span style=\"font-size: 16px;\">Per l\u2019esercizio dei suoi diritti o per qualunque richiesta o necessit\u00e0 relativa alla presente informativa ci contatti all\u2019indirizzo di posta elettronica: <a href=\"mailto:segreteriasc@collegioimmacolata.it\">segreteriasc@collegioimmacolata.it<\/a>.<\/span><\/p>\n<p><span style=\"font-size: 16px;\">Conegliano, 08 marzo 2019<\/span><\/p>\n<p>&nbsp;<\/p>\n<p>&nbsp;<\/p>\n","protected":false},"excerpt":{"rendered":"Questa \u00e8 una informativa resa ai sensi dell&#8217; art. 13 del Reg. UE 2016\/679 (Regolamento Europeo per la&#8230;","protected":false},"author":4,"featured_media":0,"parent":0,"menu_order":0,"comment_status":"closed","ping_status":"closed","template":"page-termini_condizioni.php","meta":[],"yoast_head":"<!-- This site is optimized with the Yoast SEO plugin v20.12 - https:\/\/yoast.com\/wordpress\/plugins\/seo\/ -->\n<title>Privacy Policy - Collegio Immacolata Conegliano<\/title>\n<meta name=\"robots\" content=\"index, follow, max-snippet:-1, max-image-preview:large, max-video-preview:-1\" \/>\n<link rel=\"canonical\" href=\"https:\/\/collegioimmacolata.it\/es\/privacy-policy\/\" \/>\n<meta property=\"og:locale\" content=\"es_ES\" \/>\n<meta property=\"og:type\" content=\"article\" \/>\n<meta property=\"og:title\" content=\"Privacy Policy - Collegio Immacolata Conegliano\" \/>\n<meta property=\"og:description\" content=\"Questa \u00e8 una informativa resa ai sensi dell&#8217; art. 13 del Reg. UE 2016\/679 (Regolamento Europeo per la...\" \/>\n<meta property=\"og:url\" content=\"https:\/\/collegioimmacolata.it\/es\/privacy-policy\/\" \/>\n<meta property=\"og:site_name\" content=\"Collegio Immacolata Conegliano\" \/>\n<meta property=\"article:publisher\" content=\"https:\/\/www.facebook.com\/CollegioImmacolata\/\" \/>\n<meta name=\"twitter:card\" content=\"summary_large_image\" \/>\n<meta name=\"twitter:label1\" content=\"Tiempo de lectura\" \/>\n\t<meta name=\"twitter:data1\" content=\"7 minutos\" \/>\n<script type=\"application\/ld+json\" class=\"yoast-schema-graph\">{\"@context\":\"https:\/\/schema.org\",\"@graph\":[{\"@type\":\"WebPage\",\"@id\":\"https:\/\/collegioimmacolata.it\/es\/privacy-policy\/\",\"url\":\"https:\/\/collegioimmacolata.it\/es\/privacy-policy\/\",\"name\":\"Privacy Policy - Collegio Immacolata Conegliano\",\"isPartOf\":{\"@id\":\"https:\/\/collegioimmacolata.it\/es\/#website\"},\"datePublished\":\"2019-03-19T18:46:41+00:00\",\"dateModified\":\"2019-03-19T18:46:41+00:00\",\"breadcrumb\":{\"@id\":\"https:\/\/collegioimmacolata.it\/es\/privacy-policy\/#breadcrumb\"},\"inLanguage\":\"es\",\"potentialAction\":[{\"@type\":\"ReadAction\",\"target\":[\"https:\/\/collegioimmacolata.it\/es\/privacy-policy\/\"]}]},{\"@type\":\"BreadcrumbList\",\"@id\":\"https:\/\/collegioimmacolata.it\/es\/privacy-policy\/#breadcrumb\",\"itemListElement\":[{\"@type\":\"ListItem\",\"position\":1,\"name\":\"Home\",\"item\":\"https:\/\/collegioimmacolata.it\/es\/\"},{\"@type\":\"ListItem\",\"position\":2,\"name\":\"Privacy Policy\"}]},{\"@type\":\"WebSite\",\"@id\":\"https:\/\/collegioimmacolata.it\/es\/#website\",\"url\":\"https:\/\/collegioimmacolata.it\/es\/\",\"name\":\"Collegio Immacolata Conegliano\",\"description\":\"Dal 1897 Scuola leader nell&#039;educazione di bambini e ragazzi, basata sulla pedagogia delle suore Salesiane offre percorsi innovativi e attenti alla persona\",\"publisher\":{\"@id\":\"https:\/\/collegioimmacolata.it\/es\/#organization\"},\"potentialAction\":[{\"@type\":\"SearchAction\",\"target\":{\"@type\":\"EntryPoint\",\"urlTemplate\":\"https:\/\/collegioimmacolata.it\/es\/?s={search_term_string}\"},\"query-input\":\"required name=search_term_string\"}],\"inLanguage\":\"es\"},{\"@type\":\"Organization\",\"@id\":\"https:\/\/collegioimmacolata.it\/es\/#organization\",\"name\":\"Collegio Immacolata Conegliano\",\"url\":\"https:\/\/collegioimmacolata.it\/es\/\",\"logo\":{\"@type\":\"ImageObject\",\"inLanguage\":\"es\",\"@id\":\"https:\/\/collegioimmacolata.it\/es\/#\/schema\/logo\/image\/\",\"url\":\"https:\/\/collegioimmacolata.it\/wp-content\/uploads\/2015\/08\/Favicon.jpg\",\"contentUrl\":\"https:\/\/collegioimmacolata.it\/wp-content\/uploads\/2015\/08\/Favicon.jpg\",\"width\":93,\"height\":93,\"caption\":\"Collegio Immacolata Conegliano\"},\"image\":{\"@id\":\"https:\/\/collegioimmacolata.it\/es\/#\/schema\/logo\/image\/\"},\"sameAs\":[\"https:\/\/www.facebook.com\/CollegioImmacolata\/\",\"https:\/\/www.youtube.com\/channel\/UCanScckbpzSY91ETQwAEmVw\"]}]}<\/script>\n<!-- \/ Yoast SEO plugin. -->","yoast_head_json":{"title":"Privacy Policy - Collegio Immacolata Conegliano","robots":{"index":"index","follow":"follow","max-snippet":"max-snippet:-1","max-image-preview":"max-image-preview:large","max-video-preview":"max-video-preview:-1"},"canonical":"https:\/\/collegioimmacolata.it\/es\/privacy-policy\/","og_locale":"es_ES","og_type":"article","og_title":"Privacy Policy - Collegio Immacolata Conegliano","og_description":"Questa \u00e8 una informativa resa ai sensi dell&#8217; art. 13 del Reg. UE 2016\/679 (Regolamento Europeo per la...","og_url":"https:\/\/collegioimmacolata.it\/es\/privacy-policy\/","og_site_name":"Collegio Immacolata Conegliano","article_publisher":"https:\/\/www.facebook.com\/CollegioImmacolata\/","twitter_card":"summary_large_image","twitter_misc":{"Tiempo de lectura":"7 minutos"},"schema":{"@context":"https:\/\/schema.org","@graph":[{"@type":"WebPage","@id":"https:\/\/collegioimmacolata.it\/es\/privacy-policy\/","url":"https:\/\/collegioimmacolata.it\/es\/privacy-policy\/","name":"Privacy Policy - Collegio Immacolata Conegliano","isPartOf":{"@id":"https:\/\/collegioimmacolata.it\/es\/#website"},"datePublished":"2019-03-19T18:46:41+00:00","dateModified":"2019-03-19T18:46:41+00:00","breadcrumb":{"@id":"https:\/\/collegioimmacolata.it\/es\/privacy-policy\/#breadcrumb"},"inLanguage":"es","potentialAction":[{"@type":"ReadAction","target":["https:\/\/collegioimmacolata.it\/es\/privacy-policy\/"]}]},{"@type":"BreadcrumbList","@id":"https:\/\/collegioimmacolata.it\/es\/privacy-policy\/#breadcrumb","itemListElement":[{"@type":"ListItem","position":1,"name":"Home","item":"https:\/\/collegioimmacolata.it\/es\/"},{"@type":"ListItem","position":2,"name":"Privacy Policy"}]},{"@type":"WebSite","@id":"https:\/\/collegioimmacolata.it\/es\/#website","url":"https:\/\/collegioimmacolata.it\/es\/","name":"Collegio Immacolata Conegliano","description":"Dal 1897 Scuola leader nell&#039;educazione di bambini e ragazzi, basata sulla pedagogia delle suore Salesiane offre percorsi innovativi e attenti alla persona","publisher":{"@id":"https:\/\/collegioimmacolata.it\/es\/#organization"},"potentialAction":[{"@type":"SearchAction","target":{"@type":"EntryPoint","urlTemplate":"https:\/\/collegioimmacolata.it\/es\/?s={search_term_string}"},"query-input":"required name=search_term_string"}],"inLanguage":"es"},{"@type":"Organization","@id":"https:\/\/collegioimmacolata.it\/es\/#organization","name":"Collegio Immacolata Conegliano","url":"https:\/\/collegioimmacolata.it\/es\/","logo":{"@type":"ImageObject","inLanguage":"es","@id":"https:\/\/collegioimmacolata.it\/es\/#\/schema\/logo\/image\/","url":"https:\/\/collegioimmacolata.it\/wp-content\/uploads\/2015\/08\/Favicon.jpg","contentUrl":"https:\/\/collegioimmacolata.it\/wp-content\/uploads\/2015\/08\/Favicon.jpg","width":93,"height":93,"caption":"Collegio Immacolata Conegliano"},"image":{"@id":"https:\/\/collegioimmacolata.it\/es\/#\/schema\/logo\/image\/"},"sameAs":["https:\/\/www.facebook.com\/CollegioImmacolata\/","https:\/\/www.youtube.com\/channel\/UCanScckbpzSY91ETQwAEmVw"]}]}},"_links":{"self":[{"href":"https:\/\/collegioimmacolata.it\/es\/wp-json\/wp\/v2\/pages\/4532"}],"collection":[{"href":"https:\/\/collegioimmacolata.it\/es\/wp-json\/wp\/v2\/pages"}],"about":[{"href":"https:\/\/collegioimmacolata.it\/es\/wp-json\/wp\/v2\/types\/page"}],"author":[{"embeddable":true,"href":"https:\/\/collegioimmacolata.it\/es\/wp-json\/wp\/v2\/users\/4"}],"replies":[{"embeddable":true,"href":"https:\/\/collegioimmacolata.it\/es\/wp-json\/wp\/v2\/comments?post=4532"}],"version-history":[{"count":0,"href":"https:\/\/collegioimmacolata.it\/es\/wp-json\/wp\/v2\/pages\/4532\/revisions"}],"wp:attachment":[{"href":"https:\/\/collegioimmacolata.it\/es\/wp-json\/wp\/v2\/media?parent=4532"}],"curies":[{"name":"wp","href":"https:\/\/api.w.org\/{rel}","templated":true}]}}